{"id":6939,"date":"2021-04-10T18:34:30","date_gmt":"2021-04-10T16:34:30","guid":{"rendered":"https:\/\/www.cipmoz.org\/?page_id=6939"},"modified":"2021-04-10T18:38:31","modified_gmt":"2021-04-10T16:38:31","slug":"publicacoes","status":"publish","type":"page","link":"https:\/\/www.cipmoz.org\/pt\/publicacoes\/","title":{"rendered":"Publica\u00e7\u00f5es"},"content":{"rendered":"\t\t<div data-elementor-type=\"wp-page\" data-elementor-id=\"6939\" class=\"elementor elementor-6939\">\n\t\t\t\t\t\t<section class=\"elementor-section elementor-top-section elementor-element elementor-element-d08543c elementor-section-boxed elementor-section-height-default elementor-section-height-default\" data-id=\"d08543c\" data-element_type=\"section\" data-e-type=\"section\" data-settings=\"{&quot;background_background&quot;:&quot;classic&quot;}\">\n\t\t\t\t\t\t<div class=\"elementor-container elementor-column-gap-default\">\n\t\t\t\t\t<div class=\"elementor-column elementor-col-100 elementor-top-column elementor-element elementor-element-9416cec\" data-id=\"9416cec\" data-element_type=\"column\" data-e-type=\"column\">\n\t\t\t<div class=\"elementor-widget-wrap elementor-element-populated\">\n\t\t\t\t\t\t<div class=\"elementor-element elementor-element-8a76a26 anwp-pg-post-teaser__post-icon--position-center anwp-grid_card_bg_effect-darken_only post-card-field anwp-pg-widget-header-style--b anwp-pg-post-teaser__post-icon--size-16 elementor-widget elementor-widget-anwp-pg-classic-grid\" data-id=\"8a76a26\" data-element_type=\"widget\" data-e-type=\"widget\" data-widget_type=\"anwp-pg-classic-grid.default\">\n\t\t\t\t<div class=\"elementor-widget-container\">\n\t\t\t\t\t<div class=\"anwp-pg-wrap\">\n\n\t\n\t<div class=\"d-flex anwp-row flex-wrap anwp-pg-classic-grid anwp-pg-posts-wrapper\">\n\t\t<div class=\"anwp-pg-post-teaser anwp-pg-post-teaser--inner-cover-link anwp-pg-post-teaser--layout-d d-flex flex-column anwp-col-lg-3 anwp-col-sm-6 anwp-col-12 anwp-pg-post-teaser--has-pvc-meta\">\n\t<div class=\"anwp-pg-post-teaser__thumbnail position-relative\">\n\n\t\t\t\t\t<div class=\"anwp-pg-post-teaser__top-meta d-flex flex-column anwp-pg-post-teaser__category-column mr-auto\">\n\t\t\t\t<div class=\"anwp-pg-category__wrapper-filled px-2 d-flex align-items-center anwp-pg-post-teaser__category-wrapper align-self-start anwp-pg-category-parent-0\" style=\"background-color: #1565C0\"><span>Boa Governacao<\/span><\/div>\t\t\t<\/div>\n\t\t\t\n\t\t\n\t\t\t\t\t<div class=\"anwp-pg-post-teaser__thumbnail-img anwp-pg-height-180\"\n\t\t\t\tstyle=\"background-image: url(https:\/\/www.cipmoz.org\/wp-content\/uploads\/2026\/06\/2.jpg)\">\n\t\t\t<\/div>\n\t\t\n\t\t<div class=\"anwp-pg-post-teaser__thumbnail-bg anwp-position-cover\"><\/div>\n\n\t\t<a class=\"anwp-position-cover anwp-link-without-effects\" href=\"https:\/\/www.cipmoz.org\/pt\/2026\/09\/02\/caso-waldemar-de-sousa-um-exemplo-de-como-a-morosidade-processual-prejudica-os-cidadaos\/\" aria-hidden=\"true\" ><\/a>\n\t<\/div>\n\n\t<div class=\"anwp-pg-post-teaser__content flex-grow-1 pt-1 d-flex flex-column\">\n\n\t\t<div class=\"anwp-pg-post-teaser__title anwp-font-heading mt-2\">\n\t\t\t<a class=\"anwp-link-without-effects\" href=\"https:\/\/www.cipmoz.org\/pt\/2026\/09\/02\/caso-waldemar-de-sousa-um-exemplo-de-como-a-morosidade-processual-prejudica-os-cidadaos\/\" aria-hidden=\"true\" >\n\t\t\t\tCaso Waldemar de Sousa: um exemplo de como a morosidade processual prejudica os cidad\u00e3os\t\t\t<\/a>\n\t\t<\/div>\n\n\t\t<div class=\"anwp-pg-post-teaser__bottom-meta d-flex flex-wrap\">\n\n\t\t\t\t\t\t\t<div class=\"anwp-pg-post-teaser__bottom-meta-item d-flex align-items-center mr-3\">\n\t\t\t\t\t<svg class=\"anwp-pg-icon anwp-pg-icon--s16 mr-1\">\n\t\t\t\t\t\t<use xlink:href=\"#icon-anwp-pg-calendar\"><\/use>\n\t\t\t\t\t<\/svg>\n\t\t\t\t\t<span class=\"posted-on m-0\"><span class=\"screen-reader-text\">Posted on<\/span><time class=\"anwp-pg-published\" datetime=\"2026-09-02T15:26:37+02:00\">Setembro 2, 2026<\/time><time class=\"anwp-pg-updated\" datetime=\"2026-09-02T15:26:37+02:00\">Setembro 2, 2026<\/time><\/span>\n\t\t\t\t<\/div>\n\t\t\t\t\t\t\t\t\t<div class=\"anwp-pg-post-teaser__bottom-meta-item d-flex align-items-center\">\n\t\t\t\t\t\t<svg class=\"anwp-pg-icon anwp-pg-icon--s16 mr-1\">\n\t\t\t\t\t\t\t<use xlink:href=\"#icon-anwp-pg-eye\"><\/use>\n\t\t\t\t\t\t<\/svg>\n\t\t\t\t\t\t1212\t\t\t\t\t<\/div>\n\t\t\t\t\t\n\t\t\t\t\t<\/div>\n\n\t\t\n\t\t\n\t<\/div>\n\n<\/div>\n<div class=\"anwp-pg-post-teaser anwp-pg-post-teaser--inner-cover-link anwp-pg-post-teaser--layout-d d-flex flex-column anwp-col-lg-3 anwp-col-sm-6 anwp-col-12 anwp-pg-post-teaser--has-pvc-meta\">\n\t<div class=\"anwp-pg-post-teaser__thumbnail position-relative\">\n\n\t\t\t\t\t<div class=\"anwp-pg-post-teaser__top-meta d-flex flex-column anwp-pg-post-teaser__category-column mr-auto\">\n\t\t\t\t<div class=\"anwp-pg-category__wrapper-filled px-2 d-flex align-items-center anwp-pg-post-teaser__category-wrapper align-self-start anwp-pg-category-parent-0\" style=\"background-color: #1565C0\"><span>Finan\u00e7as P\u00fablicas<\/span><\/div>\t\t\t<\/div>\n\t\t\t\n\t\t\n\t\t\t\t\t<div class=\"anwp-pg-post-teaser__thumbnail-img anwp-pg-height-180\"\n\t\t\t\tstyle=\"background-image: url(https:\/\/www.cipmoz.org\/wp-content\/uploads\/2026\/06\/4.jpg)\">\n\t\t\t<\/div>\n\t\t\n\t\t<div class=\"anwp-pg-post-teaser__thumbnail-bg anwp-position-cover\"><\/div>\n\n\t\t<a class=\"anwp-position-cover anwp-link-without-effects\" href=\"https:\/\/www.cipmoz.org\/pt\/2026\/08\/24\/escassez-de-divisas-como-a-crise-esta-a-transformar-mocambique\/\" aria-hidden=\"true\" ><\/a>\n\t<\/div>\n\n\t<div class=\"anwp-pg-post-teaser__content flex-grow-1 pt-1 d-flex flex-column\">\n\n\t\t<div class=\"anwp-pg-post-teaser__title anwp-font-heading mt-2\">\n\t\t\t<a class=\"anwp-link-without-effects\" href=\"https:\/\/www.cipmoz.org\/pt\/2026\/08\/24\/escassez-de-divisas-como-a-crise-esta-a-transformar-mocambique\/\" aria-hidden=\"true\" >\n\t\t\t\tEscassez de divisas: como a crise est\u00e1 a transformar Mo\u00e7ambique?\t\t\t<\/a>\n\t\t<\/div>\n\n\t\t<div class=\"anwp-pg-post-teaser__bottom-meta d-flex flex-wrap\">\n\n\t\t\t\t\t\t\t<div class=\"anwp-pg-post-teaser__bottom-meta-item d-flex align-items-center mr-3\">\n\t\t\t\t\t<svg class=\"anwp-pg-icon anwp-pg-icon--s16 mr-1\">\n\t\t\t\t\t\t<use xlink:href=\"#icon-anwp-pg-calendar\"><\/use>\n\t\t\t\t\t<\/svg>\n\t\t\t\t\t<span class=\"posted-on m-0\"><span class=\"screen-reader-text\">Posted on<\/span><time class=\"anwp-pg-published\" datetime=\"2026-08-24T16:32:05+02:00\">Agosto 24, 2026<\/time><time class=\"anwp-pg-updated\" datetime=\"2026-08-24T16:32:05+02:00\">Agosto 24, 2026<\/time><\/span>\n\t\t\t\t<\/div>\n\t\t\t\t\t\t\t\t\t<div class=\"anwp-pg-post-teaser__bottom-meta-item d-flex align-items-center\">\n\t\t\t\t\t\t<svg class=\"anwp-pg-icon anwp-pg-icon--s16 mr-1\">\n\t\t\t\t\t\t\t<use xlink:href=\"#icon-anwp-pg-eye\"><\/use>\n\t\t\t\t\t\t<\/svg>\n\t\t\t\t\t\t1462\t\t\t\t\t<\/div>\n\t\t\t\t\t\n\t\t\t\t\t<\/div>\n\n\t\t\n\t\t\n\t<\/div>\n\n<\/div>\n<div class=\"anwp-pg-post-teaser anwp-pg-post-teaser--inner-cover-link anwp-pg-post-teaser--layout-d d-flex flex-column anwp-col-lg-3 anwp-col-sm-6 anwp-col-12 anwp-pg-post-teaser--has-pvc-meta\">\n\t<div class=\"anwp-pg-post-teaser__thumbnail position-relative\">\n\n\t\t\t\t\t<div class=\"anwp-pg-post-teaser__top-meta d-flex flex-column anwp-pg-post-teaser__category-column mr-auto\">\n\t\t\t\t<div class=\"anwp-pg-category__wrapper-filled px-2 d-flex align-items-center anwp-pg-post-teaser__category-wrapper align-self-start anwp-pg-category-parent-0\" style=\"background-color: #1565C0\"><span>Projecto FMO<\/span><\/div>\t\t\t<\/div>\n\t\t\t\n\t\t\n\t\t\t\t\t<div class=\"anwp-pg-post-teaser__thumbnail-img anwp-pg-height-180\"\n\t\t\t\tstyle=\"background-image: url(https:\/\/www.cipmoz.org\/wp-content\/plugins\/anwp-post-grid-for-elementor\/public\/img\/empty_image.jpg)\">\n\t\t\t<\/div>\n\t\t\n\t\t<div class=\"anwp-pg-post-teaser__thumbnail-bg anwp-position-cover\"><\/div>\n\n\t\t<a class=\"anwp-position-cover anwp-link-without-effects\" href=\"https:\/\/www.cipmoz.org\/pt\/2026\/08\/18\/contratacao-de-consultoria-para-elaboracao-de-uma-analise-sobre-a-monitoria-avaliacao-e-implementacao-da-estrategia-nacional-das-financas-publicas-e-das-reformas-do-subsistema-de-planificacao-e-orcam\/\" aria-hidden=\"true\" ><\/a>\n\t<\/div>\n\n\t<div class=\"anwp-pg-post-teaser__content flex-grow-1 pt-1 d-flex flex-column\">\n\n\t\t<div class=\"anwp-pg-post-teaser__title anwp-font-heading mt-2\">\n\t\t\t<a class=\"anwp-link-without-effects\" href=\"https:\/\/www.cipmoz.org\/pt\/2026\/08\/18\/contratacao-de-consultoria-para-elaboracao-de-uma-analise-sobre-a-monitoria-avaliacao-e-implementacao-da-estrategia-nacional-das-financas-publicas-e-das-reformas-do-subsistema-de-planificacao-e-orcam\/\" aria-hidden=\"true\" >\n\t\t\t\tCONTRATA\u00c7\u00c3O DE CONSULTORIA PARA ELABORA\u00c7\u00c3O DE UMA AN\u00c1LISE SOBRE A MONITORIA, AVALIA\u00c7\u00c3O E IMPLEMENTA\u00c7\u00c3O DA ESTRAT\u00c9GIA NACIONAL DAS FINAN\u00c7AS P\u00daBLICAS E DAS REFORMAS DO SUBSISTEMA DE PLANIFICA\u00c7\u00c3O E OR\u00c7AMENTA\u00c7\u00c3O\t\t\t<\/a>\n\t\t<\/div>\n\n\t\t<div class=\"anwp-pg-post-teaser__bottom-meta d-flex flex-wrap\">\n\n\t\t\t\t\t\t\t<div class=\"anwp-pg-post-teaser__bottom-meta-item d-flex align-items-center mr-3\">\n\t\t\t\t\t<svg class=\"anwp-pg-icon anwp-pg-icon--s16 mr-1\">\n\t\t\t\t\t\t<use xlink:href=\"#icon-anwp-pg-calendar\"><\/use>\n\t\t\t\t\t<\/svg>\n\t\t\t\t\t<span class=\"posted-on m-0\"><span class=\"screen-reader-text\">Posted on<\/span><time class=\"anwp-pg-published\" datetime=\"2026-08-18T12:26:42+02:00\">Agosto 18, 2026<\/time><time class=\"anwp-pg-updated\" datetime=\"2026-08-18T12:26:42+02:00\">Agosto 18, 2026<\/time><\/span>\n\t\t\t\t<\/div>\n\t\t\t\t\t\t\t\t\t<div class=\"anwp-pg-post-teaser__bottom-meta-item d-flex align-items-center\">\n\t\t\t\t\t\t<svg class=\"anwp-pg-icon anwp-pg-icon--s16 mr-1\">\n\t\t\t\t\t\t\t<use xlink:href=\"#icon-anwp-pg-eye\"><\/use>\n\t\t\t\t\t\t<\/svg>\n\t\t\t\t\t\t330\t\t\t\t\t<\/div>\n\t\t\t\t\t\n\t\t\t\t\t<\/div>\n\n\t\t\n\t\t\n\t<\/div>\n\n<\/div>\n<div class=\"anwp-pg-post-teaser anwp-pg-post-teaser--inner-cover-link anwp-pg-post-teaser--layout-d d-flex flex-column anwp-col-lg-3 anwp-col-sm-6 anwp-col-12 anwp-pg-post-teaser--has-pvc-meta\">\n\t<div class=\"anwp-pg-post-teaser__thumbnail position-relative\">\n\n\t\t\t\t\t<div class=\"anwp-pg-post-teaser__top-meta d-flex flex-column anwp-pg-post-teaser__category-column mr-auto\">\n\t\t\t\t<div class=\"anwp-pg-category__wrapper-filled px-2 d-flex align-items-center anwp-pg-post-teaser__category-wrapper align-self-start anwp-pg-category-parent-0\" style=\"background-color: #1565C0\"><span>Finan\u00e7as P\u00fablicas<\/span><\/div>\t\t\t<\/div>\n\t\t\t\n\t\t\n\t\t\t\t\t<div class=\"anwp-pg-post-teaser__thumbnail-img anwp-pg-height-180\"\n\t\t\t\tstyle=\"background-image: url(https:\/\/www.cipmoz.org\/wp-content\/uploads\/2026\/06\/4.jpg)\">\n\t\t\t<\/div>\n\t\t\n\t\t<div class=\"anwp-pg-post-teaser__thumbnail-bg anwp-position-cover\"><\/div>\n\n\t\t<a class=\"anwp-position-cover anwp-link-without-effects\" href=\"https:\/\/www.cipmoz.org\/pt\/2026\/08\/10\/beneficios-fiscais-em-mocambique-2009-2025\/\" aria-hidden=\"true\" ><\/a>\n\t<\/div>\n\n\t<div class=\"anwp-pg-post-teaser__content flex-grow-1 pt-1 d-flex flex-column\">\n\n\t\t<div class=\"anwp-pg-post-teaser__title anwp-font-heading mt-2\">\n\t\t\t<a class=\"anwp-link-without-effects\" href=\"https:\/\/www.cipmoz.org\/pt\/2026\/08\/10\/beneficios-fiscais-em-mocambique-2009-2025\/\" aria-hidden=\"true\" >\n\t\t\t\tBENEF\u00cdCIOS FISCAIS EM MO\u00c7AMBIQUE (2009-2025)\t\t\t<\/a>\n\t\t<\/div>\n\n\t\t<div class=\"anwp-pg-post-teaser__bottom-meta d-flex flex-wrap\">\n\n\t\t\t\t\t\t\t<div class=\"anwp-pg-post-teaser__bottom-meta-item d-flex align-items-center mr-3\">\n\t\t\t\t\t<svg class=\"anwp-pg-icon anwp-pg-icon--s16 mr-1\">\n\t\t\t\t\t\t<use xlink:href=\"#icon-anwp-pg-calendar\"><\/use>\n\t\t\t\t\t<\/svg>\n\t\t\t\t\t<span class=\"posted-on m-0\"><span class=\"screen-reader-text\">Posted on<\/span><time class=\"anwp-pg-published\" datetime=\"2026-08-10T13:31:39+02:00\">Agosto 10, 2026<\/time><time class=\"anwp-pg-updated\" datetime=\"2026-08-10T13:31:40+02:00\">Agosto 10, 2026<\/time><\/span>\n\t\t\t\t<\/div>\n\t\t\t\t\t\t\t\t\t<div class=\"anwp-pg-post-teaser__bottom-meta-item d-flex align-items-center\">\n\t\t\t\t\t\t<svg class=\"anwp-pg-icon anwp-pg-icon--s16 mr-1\">\n\t\t\t\t\t\t\t<use xlink:href=\"#icon-anwp-pg-eye\"><\/use>\n\t\t\t\t\t\t<\/svg>\n\t\t\t\t\t\t2290\t\t\t\t\t<\/div>\n\t\t\t\t\t\n\t\t\t\t\t<\/div>\n\n\t\t\n\t\t\n\t<\/div>\n\n<\/div>\n<div class=\"anwp-pg-post-teaser anwp-pg-post-teaser--inner-cover-link anwp-pg-post-teaser--layout-d d-flex flex-column anwp-col-lg-3 anwp-col-sm-6 anwp-col-12 anwp-pg-post-teaser--has-pvc-meta\">\n\t<div class=\"anwp-pg-post-teaser__thumbnail position-relative\">\n\n\t\t\t\t\t<div class=\"anwp-pg-post-teaser__top-meta d-flex flex-column anwp-pg-post-teaser__category-column mr-auto\">\n\t\t\t\t<div class=\"anwp-pg-category__wrapper-filled px-2 d-flex align-items-center anwp-pg-post-teaser__category-wrapper align-self-start anwp-pg-category-parent-0\" style=\"background-color: #1565C0\"><span>Contrata\u00e7\u00e3o P\u00fablica<\/span><\/div>\t\t\t<\/div>\n\t\t\t\n\t\t\n\t\t\t\t\t<div class=\"anwp-pg-post-teaser__thumbnail-img anwp-pg-height-180\"\n\t\t\t\tstyle=\"background-image: url(https:\/\/www.cipmoz.org\/wp-content\/uploads\/2026\/06\/3.jpg)\">\n\t\t\t<\/div>\n\t\t\n\t\t<div class=\"anwp-pg-post-teaser__thumbnail-bg anwp-position-cover\"><\/div>\n\n\t\t<a class=\"anwp-position-cover anwp-link-without-effects\" href=\"https:\/\/www.cipmoz.org\/pt\/2026\/08\/03\/negociacao-da-concessao-da-estrada-n222-mapinhane-pafuri-machecane-com-a-codemapa-s-a-expoe-indicios-de-violacao-da-lei-de-probidade-publica-e-acesso-a-informacao-privilegiada\/\" aria-hidden=\"true\" ><\/a>\n\t<\/div>\n\n\t<div class=\"anwp-pg-post-teaser__content flex-grow-1 pt-1 d-flex flex-column\">\n\n\t\t<div class=\"anwp-pg-post-teaser__title anwp-font-heading mt-2\">\n\t\t\t<a class=\"anwp-link-without-effects\" href=\"https:\/\/www.cipmoz.org\/pt\/2026\/08\/03\/negociacao-da-concessao-da-estrada-n222-mapinhane-pafuri-machecane-com-a-codemapa-s-a-expoe-indicios-de-violacao-da-lei-de-probidade-publica-e-acesso-a-informacao-privilegiada\/\" aria-hidden=\"true\" >\n\t\t\t\tNegocia\u00e7\u00e3o da concess\u00e3o da Estrada N222 Mapinhane\u2013Pafuri\u2013 Machecane com a CODEMAPA, S.A. exp\u00f5e ind\u00edcios de viola\u00e7\u00e3o da Lei de Probidade P\u00fablica e acesso \u00e0 informa\u00e7\u00e3o privilegiada\t\t\t<\/a>\n\t\t<\/div>\n\n\t\t<div class=\"anwp-pg-post-teaser__bottom-meta d-flex flex-wrap\">\n\n\t\t\t\t\t\t\t<div class=\"anwp-pg-post-teaser__bottom-meta-item d-flex align-items-center mr-3\">\n\t\t\t\t\t<svg class=\"anwp-pg-icon anwp-pg-icon--s16 mr-1\">\n\t\t\t\t\t\t<use xlink:href=\"#icon-anwp-pg-calendar\"><\/use>\n\t\t\t\t\t<\/svg>\n\t\t\t\t\t<span class=\"posted-on m-0\"><span class=\"screen-reader-text\">Posted on<\/span><time class=\"anwp-pg-published\" datetime=\"2026-08-03T15:59:31+02:00\">Agosto 3, 2026<\/time><time class=\"anwp-pg-updated\" datetime=\"2026-08-03T16:02:56+02:00\">Agosto 3, 2026<\/time><\/span>\n\t\t\t\t<\/div>\n\t\t\t\t\t\t\t\t\t<div class=\"anwp-pg-post-teaser__bottom-meta-item d-flex align-items-center\">\n\t\t\t\t\t\t<svg class=\"anwp-pg-icon anwp-pg-icon--s16 mr-1\">\n\t\t\t\t\t\t\t<use xlink:href=\"#icon-anwp-pg-eye\"><\/use>\n\t\t\t\t\t\t<\/svg>\n\t\t\t\t\t\t2838\t\t\t\t\t<\/div>\n\t\t\t\t\t\n\t\t\t\t\t<\/div>\n\n\t\t\n\t\t\n\t<\/div>\n\n<\/div>\n<div class=\"anwp-pg-post-teaser anwp-pg-post-teaser--inner-cover-link anwp-pg-post-teaser--layout-d d-flex flex-column anwp-col-lg-3 anwp-col-sm-6 anwp-col-12 anwp-pg-post-teaser--has-pvc-meta\">\n\t<div class=\"anwp-pg-post-teaser__thumbnail position-relative\">\n\n\t\t\t\t\t<div class=\"anwp-pg-post-teaser__top-meta d-flex flex-column anwp-pg-post-teaser__category-column mr-auto\">\n\t\t\t\t<div class=\"anwp-pg-category__wrapper-filled px-2 d-flex align-items-center anwp-pg-post-teaser__category-wrapper align-self-start anwp-pg-category-parent-0\" style=\"background-color: #1565C0\"><span>Finan\u00e7as P\u00fablicas<\/span><\/div>\t\t\t<\/div>\n\t\t\t\n\t\t\n\t\t\t\t\t<div class=\"anwp-pg-post-teaser__thumbnail-img anwp-pg-height-180\"\n\t\t\t\tstyle=\"background-image: url(https:\/\/www.cipmoz.org\/wp-content\/uploads\/2026\/06\/4.jpg)\">\n\t\t\t<\/div>\n\t\t\n\t\t<div class=\"anwp-pg-post-teaser__thumbnail-bg anwp-position-cover\"><\/div>\n\n\t\t<a class=\"anwp-position-cover anwp-link-without-effects\" href=\"https:\/\/www.cipmoz.org\/pt\/2026\/07\/27\/mocambique-realiza-a-setima-ronda-de-inqueritos-a-agregados-familiares-sem-divulgar-a-quinta-e-a-sexta-avaliacao-nacional-da-pobreza\/\" aria-hidden=\"true\" ><\/a>\n\t<\/div>\n\n\t<div class=\"anwp-pg-post-teaser__content flex-grow-1 pt-1 d-flex flex-column\">\n\n\t\t<div class=\"anwp-pg-post-teaser__title anwp-font-heading mt-2\">\n\t\t\t<a class=\"anwp-link-without-effects\" href=\"https:\/\/www.cipmoz.org\/pt\/2026\/07\/27\/mocambique-realiza-a-setima-ronda-de-inqueritos-a-agregados-familiares-sem-divulgar-a-quinta-e-a-sexta-avaliacao-nacional-da-pobreza\/\" aria-hidden=\"true\" >\n\t\t\t\tMO\u00c7AMBIQUE REALIZA A S\u00c9TIMA RONDA DE INQU\u00c9RITOS A AGREGADOS FAMILIARES SEM DIVULGAR A QUINTA E A SEXTA AVALIA\u00c7\u00c3O NACIONAL DA POBREZA\t\t\t<\/a>\n\t\t<\/div>\n\n\t\t<div class=\"anwp-pg-post-teaser__bottom-meta d-flex flex-wrap\">\n\n\t\t\t\t\t\t\t<div class=\"anwp-pg-post-teaser__bottom-meta-item d-flex align-items-center mr-3\">\n\t\t\t\t\t<svg class=\"anwp-pg-icon anwp-pg-icon--s16 mr-1\">\n\t\t\t\t\t\t<use xlink:href=\"#icon-anwp-pg-calendar\"><\/use>\n\t\t\t\t\t<\/svg>\n\t\t\t\t\t<span class=\"posted-on m-0\"><span class=\"screen-reader-text\">Posted on<\/span><time class=\"anwp-pg-published\" datetime=\"2026-07-27T10:57:16+02:00\">Julho 27, 2026<\/time><time class=\"anwp-pg-updated\" datetime=\"2026-07-28T15:50:48+02:00\">Julho 28, 2026<\/time><\/span>\n\t\t\t\t<\/div>\n\t\t\t\t\t\t\t\t\t<div class=\"anwp-pg-post-teaser__bottom-meta-item d-flex align-items-center\">\n\t\t\t\t\t\t<svg class=\"anwp-pg-icon anwp-pg-icon--s16 mr-1\">\n\t\t\t\t\t\t\t<use xlink:href=\"#icon-anwp-pg-eye\"><\/use>\n\t\t\t\t\t\t<\/svg>\n\t\t\t\t\t\t1294\t\t\t\t\t<\/div>\n\t\t\t\t\t\n\t\t\t\t\t<\/div>\n\n\t\t\n\t\t\n\t<\/div>\n\n<\/div>\n<div class=\"anwp-pg-post-teaser anwp-pg-post-teaser--inner-cover-link anwp-pg-post-teaser--layout-d d-flex flex-column anwp-col-lg-3 anwp-col-sm-6 anwp-col-12 anwp-pg-post-teaser--has-pvc-meta\">\n\t<div class=\"anwp-pg-post-teaser__thumbnail position-relative\">\n\n\t\t\t\t\t<div class=\"anwp-pg-post-teaser__top-meta d-flex flex-column anwp-pg-post-teaser__category-column mr-auto\">\n\t\t\t\t<div class=\"anwp-pg-category__wrapper-filled px-2 d-flex align-items-center anwp-pg-post-teaser__category-wrapper align-self-start anwp-pg-category-parent-0\" style=\"background-color: #1565C0\"><span>Boa Governacao<\/span><\/div>\t\t\t<\/div>\n\t\t\t\n\t\t\n\t\t\t\t\t<div class=\"anwp-pg-post-teaser__thumbnail-img anwp-pg-height-180\"\n\t\t\t\tstyle=\"background-image: url(https:\/\/www.cipmoz.org\/wp-content\/uploads\/2026\/06\/2.jpg)\">\n\t\t\t<\/div>\n\t\t\n\t\t<div class=\"anwp-pg-post-teaser__thumbnail-bg anwp-position-cover\"><\/div>\n\n\t\t<a class=\"anwp-position-cover anwp-link-without-effects\" href=\"https:\/\/www.cipmoz.org\/pt\/2026\/07\/23\/institutos-reguladores-ineficazes-numa-economia-de-mercado\/\" aria-hidden=\"true\" ><\/a>\n\t<\/div>\n\n\t<div class=\"anwp-pg-post-teaser__content flex-grow-1 pt-1 d-flex flex-column\">\n\n\t\t<div class=\"anwp-pg-post-teaser__title anwp-font-heading mt-2\">\n\t\t\t<a class=\"anwp-link-without-effects\" href=\"https:\/\/www.cipmoz.org\/pt\/2026\/07\/23\/institutos-reguladores-ineficazes-numa-economia-de-mercado\/\" aria-hidden=\"true\" >\n\t\t\t\tInstitutos reguladores: Ineficazes numa economia de mercado\t\t\t<\/a>\n\t\t<\/div>\n\n\t\t<div class=\"anwp-pg-post-teaser__bottom-meta d-flex flex-wrap\">\n\n\t\t\t\t\t\t\t<div class=\"anwp-pg-post-teaser__bottom-meta-item d-flex align-items-center mr-3\">\n\t\t\t\t\t<svg class=\"anwp-pg-icon anwp-pg-icon--s16 mr-1\">\n\t\t\t\t\t\t<use xlink:href=\"#icon-anwp-pg-calendar\"><\/use>\n\t\t\t\t\t<\/svg>\n\t\t\t\t\t<span class=\"posted-on m-0\"><span class=\"screen-reader-text\">Posted on<\/span><time class=\"anwp-pg-published\" datetime=\"2026-07-23T09:16:10+02:00\">Julho 23, 2026<\/time><time class=\"anwp-pg-updated\" datetime=\"2026-07-23T11:35:18+02:00\">Julho 23, 2026<\/time><\/span>\n\t\t\t\t<\/div>\n\t\t\t\t\t\t\t\t\t<div class=\"anwp-pg-post-teaser__bottom-meta-item d-flex align-items-center\">\n\t\t\t\t\t\t<svg class=\"anwp-pg-icon anwp-pg-icon--s16 mr-1\">\n\t\t\t\t\t\t\t<use xlink:href=\"#icon-anwp-pg-eye\"><\/use>\n\t\t\t\t\t\t<\/svg>\n\t\t\t\t\t\t1697\t\t\t\t\t<\/div>\n\t\t\t\t\t\n\t\t\t\t\t<\/div>\n\n\t\t\n\t\t\n\t<\/div>\n\n<\/div>\n<div class=\"anwp-pg-post-teaser anwp-pg-post-teaser--inner-cover-link anwp-pg-post-teaser--layout-d d-flex flex-column anwp-col-lg-3 anwp-col-sm-6 anwp-col-12 anwp-pg-post-teaser--has-pvc-meta\">\n\t<div class=\"anwp-pg-post-teaser__thumbnail position-relative\">\n\n\t\t\t\t\t<div class=\"anwp-pg-post-teaser__top-meta d-flex flex-column anwp-pg-post-teaser__category-column mr-auto\">\n\t\t\t\t<div class=\"anwp-pg-category__wrapper-filled px-2 d-flex align-items-center anwp-pg-post-teaser__category-wrapper align-self-start anwp-pg-category-parent-0\" style=\"background-color: #1565C0\"><span>Ind\u00fastria extractiva<\/span><\/div>\t\t\t<\/div>\n\t\t\t\n\t\t\n\t\t\t\t\t<div class=\"anwp-pg-post-teaser__thumbnail-img anwp-pg-height-180\"\n\t\t\t\tstyle=\"background-image: url(https:\/\/www.cipmoz.org\/wp-content\/uploads\/2026\/07\/extrativa-industria.jpg)\">\n\t\t\t<\/div>\n\t\t\n\t\t<div class=\"anwp-pg-post-teaser__thumbnail-bg anwp-position-cover\"><\/div>\n\n\t\t<a class=\"anwp-position-cover anwp-link-without-effects\" href=\"https:\/\/www.cipmoz.org\/pt\/2026\/07\/05\/mozambique-extracts-exports-and-collects-revenue-but-does-not-industrialise-2\/\" aria-hidden=\"true\" ><\/a>\n\t<\/div>\n\n\t<div class=\"anwp-pg-post-teaser__content flex-grow-1 pt-1 d-flex flex-column\">\n\n\t\t<div class=\"anwp-pg-post-teaser__title anwp-font-heading mt-2\">\n\t\t\t<a class=\"anwp-link-without-effects\" href=\"https:\/\/www.cipmoz.org\/pt\/2026\/07\/05\/mozambique-extracts-exports-and-collects-revenue-but-does-not-industrialise-2\/\" aria-hidden=\"true\" >\n\t\t\t\tMOZAMBIQUE EXTRACTS, EXPORTS AND COLLECTS REVENUE, BUT DOES NOT INDUSTRIALISE\t\t\t<\/a>\n\t\t<\/div>\n\n\t\t<div class=\"anwp-pg-post-teaser__bottom-meta d-flex flex-wrap\">\n\n\t\t\t\t\t\t\t<div class=\"anwp-pg-post-teaser__bottom-meta-item d-flex align-items-center mr-3\">\n\t\t\t\t\t<svg class=\"anwp-pg-icon anwp-pg-icon--s16 mr-1\">\n\t\t\t\t\t\t<use xlink:href=\"#icon-anwp-pg-calendar\"><\/use>\n\t\t\t\t\t<\/svg>\n\t\t\t\t\t<span class=\"posted-on m-0\"><span class=\"screen-reader-text\">Posted on<\/span><time class=\"anwp-pg-published\" datetime=\"2026-07-05T08:00:44+02:00\">Julho 5, 2026<\/time><time class=\"anwp-pg-updated\" datetime=\"2026-07-04T18:22:11+02:00\">Julho 4, 2026<\/time><\/span>\n\t\t\t\t<\/div>\n\t\t\t\t\t\t\t\t\t<div class=\"anwp-pg-post-teaser__bottom-meta-item d-flex align-items-center\">\n\t\t\t\t\t\t<svg class=\"anwp-pg-icon anwp-pg-icon--s16 mr-1\">\n\t\t\t\t\t\t\t<use xlink:href=\"#icon-anwp-pg-eye\"><\/use>\n\t\t\t\t\t\t<\/svg>\n\t\t\t\t\t\t979\t\t\t\t\t<\/div>\n\t\t\t\t\t\n\t\t\t\t\t<\/div>\n\n\t\t\n\t\t\n\t<\/div>\n\n<\/div>\n<div class=\"anwp-pg-post-teaser anwp-pg-post-teaser--inner-cover-link anwp-pg-post-teaser--layout-d d-flex flex-column anwp-col-lg-3 anwp-col-sm-6 anwp-col-12 anwp-pg-post-teaser--has-pvc-meta\">\n\t<div class=\"anwp-pg-post-teaser__thumbnail position-relative\">\n\n\t\t\t\t\t<div class=\"anwp-pg-post-teaser__top-meta d-flex flex-column anwp-pg-post-teaser__category-column mr-auto\">\n\t\t\t\t<div class=\"anwp-pg-category__wrapper-filled px-2 d-flex align-items-center anwp-pg-post-teaser__category-wrapper align-self-start anwp-pg-category-parent-0\" style=\"background-color: #1565C0\"><span>Ind\u00fastria extractiva<\/span><\/div>\t\t\t<\/div>\n\t\t\t\n\t\t\n\t\t\t\t\t<div class=\"anwp-pg-post-teaser__thumbnail-img anwp-pg-height-180\"\n\t\t\t\tstyle=\"background-image: url(https:\/\/www.cipmoz.org\/wp-content\/uploads\/2026\/07\/extrativa-industria.jpg)\">\n\t\t\t<\/div>\n\t\t\n\t\t<div class=\"anwp-pg-post-teaser__thumbnail-bg anwp-position-cover\"><\/div>\n\n\t\t<a class=\"anwp-position-cover anwp-link-without-effects\" href=\"https:\/\/www.cipmoz.org\/pt\/2026\/07\/05\/mocambique-extrai-exporta-e-arrecada-mas-nao-industrializa-2\/\" aria-hidden=\"true\" ><\/a>\n\t<\/div>\n\n\t<div class=\"anwp-pg-post-teaser__content flex-grow-1 pt-1 d-flex flex-column\">\n\n\t\t<div class=\"anwp-pg-post-teaser__title anwp-font-heading mt-2\">\n\t\t\t<a class=\"anwp-link-without-effects\" href=\"https:\/\/www.cipmoz.org\/pt\/2026\/07\/05\/mocambique-extrai-exporta-e-arrecada-mas-nao-industrializa-2\/\" aria-hidden=\"true\" >\n\t\t\t\tMO\u00c7AMBIQUE EXTRAI, EXPORTA E ARRECADA MAS N\u00c3O INDUSTRIALIZA\t\t\t<\/a>\n\t\t<\/div>\n\n\t\t<div class=\"anwp-pg-post-teaser__bottom-meta d-flex flex-wrap\">\n\n\t\t\t\t\t\t\t<div class=\"anwp-pg-post-teaser__bottom-meta-item d-flex align-items-center mr-3\">\n\t\t\t\t\t<svg class=\"anwp-pg-icon anwp-pg-icon--s16 mr-1\">\n\t\t\t\t\t\t<use xlink:href=\"#icon-anwp-pg-calendar\"><\/use>\n\t\t\t\t\t<\/svg>\n\t\t\t\t\t<span class=\"posted-on m-0\"><span class=\"screen-reader-text\">Posted on<\/span><time class=\"anwp-pg-published\" datetime=\"2026-07-05T08:00:21+02:00\">Julho 5, 2026<\/time><time class=\"anwp-pg-updated\" datetime=\"2026-07-04T18:18:19+02:00\">Julho 4, 2026<\/time><\/span>\n\t\t\t\t<\/div>\n\t\t\t\t\t\t\t\t\t<div class=\"anwp-pg-post-teaser__bottom-meta-item d-flex align-items-center\">\n\t\t\t\t\t\t<svg class=\"anwp-pg-icon anwp-pg-icon--s16 mr-1\">\n\t\t\t\t\t\t\t<use xlink:href=\"#icon-anwp-pg-eye\"><\/use>\n\t\t\t\t\t\t<\/svg>\n\t\t\t\t\t\t6035\t\t\t\t\t<\/div>\n\t\t\t\t\t\n\t\t\t\t\t<\/div>\n\n\t\t\n\t\t\n\t<\/div>\n\n<\/div>\n<div class=\"anwp-pg-post-teaser anwp-pg-post-teaser--inner-cover-link anwp-pg-post-teaser--layout-d d-flex flex-column anwp-col-lg-3 anwp-col-sm-6 anwp-col-12 anwp-pg-post-teaser--has-pvc-meta\">\n\t<div class=\"anwp-pg-post-teaser__thumbnail position-relative\">\n\n\t\t\t\t\t<div class=\"anwp-pg-post-teaser__top-meta d-flex flex-column anwp-pg-post-teaser__category-column mr-auto\">\n\t\t\t\t<div class=\"anwp-pg-category__wrapper-filled px-2 d-flex align-items-center anwp-pg-post-teaser__category-wrapper align-self-start anwp-pg-category-parent-0\" style=\"background-color: #1565C0\"><span>Finan\u00e7as P\u00fablicas<\/span><\/div>\t\t\t<\/div>\n\t\t\t\n\t\t\n\t\t\t\t\t<div class=\"anwp-pg-post-teaser__thumbnail-img anwp-pg-height-180\"\n\t\t\t\tstyle=\"background-image: url(https:\/\/www.cipmoz.org\/wp-content\/uploads\/2026\/06\/4.jpg)\">\n\t\t\t<\/div>\n\t\t\n\t\t<div class=\"anwp-pg-post-teaser__thumbnail-bg anwp-position-cover\"><\/div>\n\n\t\t<a class=\"anwp-position-cover anwp-link-without-effects\" href=\"https:\/\/www.cipmoz.org\/pt\/2026\/06\/23\/fraca-apetencia-por-titulos-publicos-aumenta-a-dependencia-do-estado-do-financiamento-directo-do-banco-de-mocambique\/\" aria-hidden=\"true\" ><\/a>\n\t<\/div>\n\n\t<div class=\"anwp-pg-post-teaser__content flex-grow-1 pt-1 d-flex flex-column\">\n\n\t\t<div class=\"anwp-pg-post-teaser__title anwp-font-heading mt-2\">\n\t\t\t<a class=\"anwp-link-without-effects\" href=\"https:\/\/www.cipmoz.org\/pt\/2026\/06\/23\/fraca-apetencia-por-titulos-publicos-aumenta-a-dependencia-do-estado-do-financiamento-directo-do-banco-de-mocambique\/\" aria-hidden=\"true\" >\n\t\t\t\tFRACA APET\u00caNCIA POR T\u00cdTULOS P\u00daBLICOS AUMENTA A DEPEND\u00caNCIA DO ESTADO DO FINANCIAMENTO DIRECTO DO BANCO DE MO\u00c7AMBIQUE\t\t\t<\/a>\n\t\t<\/div>\n\n\t\t<div class=\"anwp-pg-post-teaser__bottom-meta d-flex flex-wrap\">\n\n\t\t\t\t\t\t\t<div class=\"anwp-pg-post-teaser__bottom-meta-item d-flex align-items-center mr-3\">\n\t\t\t\t\t<svg class=\"anwp-pg-icon anwp-pg-icon--s16 mr-1\">\n\t\t\t\t\t\t<use xlink:href=\"#icon-anwp-pg-calendar\"><\/use>\n\t\t\t\t\t<\/svg>\n\t\t\t\t\t<span class=\"posted-on m-0\"><span class=\"screen-reader-text\">Posted on<\/span><time class=\"anwp-pg-published\" datetime=\"2026-06-23T10:15:21+02:00\">Junho 23, 2026<\/time><time class=\"anwp-pg-updated\" datetime=\"2026-06-23T10:15:21+02:00\">Junho 23, 2026<\/time><\/span>\n\t\t\t\t<\/div>\n\t\t\t\t\t\t\t\t\t<div class=\"anwp-pg-post-teaser__bottom-meta-item d-flex align-items-center\">\n\t\t\t\t\t\t<svg class=\"anwp-pg-icon anwp-pg-icon--s16 mr-1\">\n\t\t\t\t\t\t\t<use xlink:href=\"#icon-anwp-pg-eye\"><\/use>\n\t\t\t\t\t\t<\/svg>\n\t\t\t\t\t\t2512\t\t\t\t\t<\/div>\n\t\t\t\t\t\n\t\t\t\t\t<\/div>\n\n\t\t\n\t\t\n\t<\/div>\n\n<\/div>\n<div class=\"anwp-pg-post-teaser anwp-pg-post-teaser--inner-cover-link anwp-pg-post-teaser--layout-d d-flex flex-column anwp-col-lg-3 anwp-col-sm-6 anwp-col-12 anwp-pg-post-teaser--has-pvc-meta\">\n\t<div class=\"anwp-pg-post-teaser__thumbnail position-relative\">\n\n\t\t\t\t\t<div class=\"anwp-pg-post-teaser__top-meta d-flex flex-column anwp-pg-post-teaser__category-column mr-auto\">\n\t\t\t\t<div class=\"anwp-pg-category__wrapper-filled px-2 d-flex align-items-center anwp-pg-post-teaser__category-wrapper align-self-start anwp-pg-category-parent-0\" style=\"background-color: #1565C0\"><span>Finan\u00e7as P\u00fablicas<\/span><\/div>\t\t\t<\/div>\n\t\t\t\n\t\t\n\t\t\t\t\t<div class=\"anwp-pg-post-teaser__thumbnail-img anwp-pg-height-180\"\n\t\t\t\tstyle=\"background-image: url(https:\/\/www.cipmoz.org\/wp-content\/uploads\/2026\/06\/4.jpg)\">\n\t\t\t<\/div>\n\t\t\n\t\t<div class=\"anwp-pg-post-teaser__thumbnail-bg anwp-position-cover\"><\/div>\n\n\t\t<a class=\"anwp-position-cover anwp-link-without-effects\" href=\"https:\/\/www.cipmoz.org\/pt\/2026\/06\/03\/mocambique-estagnado-no-ranking-do-inquerito-ao-orcamento-aberto-obs-2025\/\" aria-hidden=\"true\" ><\/a>\n\t<\/div>\n\n\t<div class=\"anwp-pg-post-teaser__content flex-grow-1 pt-1 d-flex flex-column\">\n\n\t\t<div class=\"anwp-pg-post-teaser__title anwp-font-heading mt-2\">\n\t\t\t<a class=\"anwp-link-without-effects\" href=\"https:\/\/www.cipmoz.org\/pt\/2026\/06\/03\/mocambique-estagnado-no-ranking-do-inquerito-ao-orcamento-aberto-obs-2025\/\" aria-hidden=\"true\" >\n\t\t\t\tMO\u00c7AMBIQUE ESTAGNADO NO RANKING DO INQU\u00c9RITO AO OR\u00c7AMENTO ABERTO (OBS) 2025\t\t\t<\/a>\n\t\t<\/div>\n\n\t\t<div class=\"anwp-pg-post-teaser__bottom-meta d-flex flex-wrap\">\n\n\t\t\t\t\t\t\t<div class=\"anwp-pg-post-teaser__bottom-meta-item d-flex align-items-center mr-3\">\n\t\t\t\t\t<svg class=\"anwp-pg-icon anwp-pg-icon--s16 mr-1\">\n\t\t\t\t\t\t<use xlink:href=\"#icon-anwp-pg-calendar\"><\/use>\n\t\t\t\t\t<\/svg>\n\t\t\t\t\t<span class=\"posted-on m-0\"><span class=\"screen-reader-text\">Posted on<\/span><time class=\"anwp-pg-published\" datetime=\"2026-06-03T14:29:04+02:00\">Junho 3, 2026<\/time><time class=\"anwp-pg-updated\" datetime=\"2026-06-03T22:22:22+02:00\">Junho 3, 2026<\/time><\/span>\n\t\t\t\t<\/div>\n\t\t\t\t\t\t\t\t\t<div class=\"anwp-pg-post-teaser__bottom-meta-item d-flex align-items-center\">\n\t\t\t\t\t\t<svg class=\"anwp-pg-icon anwp-pg-icon--s16 mr-1\">\n\t\t\t\t\t\t\t<use xlink:href=\"#icon-anwp-pg-eye\"><\/use>\n\t\t\t\t\t\t<\/svg>\n\t\t\t\t\t\t2261\t\t\t\t\t<\/div>\n\t\t\t\t\t\n\t\t\t\t\t<\/div>\n\n\t\t\n\t\t\n\t<\/div>\n\n<\/div>\n<div class=\"anwp-pg-post-teaser anwp-pg-post-teaser--inner-cover-link anwp-pg-post-teaser--layout-d d-flex flex-column anwp-col-lg-3 anwp-col-sm-6 anwp-col-12 anwp-pg-post-teaser--has-pvc-meta\">\n\t<div class=\"anwp-pg-post-teaser__thumbnail position-relative\">\n\n\t\t\t\t\t<div class=\"anwp-pg-post-teaser__top-meta d-flex flex-column anwp-pg-post-teaser__category-column mr-auto\">\n\t\t\t\t<div class=\"anwp-pg-category__wrapper-filled px-2 d-flex align-items-center anwp-pg-post-teaser__category-wrapper align-self-start anwp-pg-category-parent-0\" style=\"background-color: #1565C0\"><span>Finan\u00e7as P\u00fablicas<\/span><\/div>\t\t\t<\/div>\n\t\t\t\n\t\t\n\t\t\t\t\t<div class=\"anwp-pg-post-teaser__thumbnail-img anwp-pg-height-180\"\n\t\t\t\tstyle=\"background-image: url(https:\/\/www.cipmoz.org\/wp-content\/uploads\/2026\/06\/4.jpg)\">\n\t\t\t<\/div>\n\t\t\n\t\t<div class=\"anwp-pg-post-teaser__thumbnail-bg anwp-position-cover\"><\/div>\n\n\t\t<a class=\"anwp-position-cover anwp-link-without-effects\" href=\"https:\/\/www.cipmoz.org\/pt\/2026\/06\/02\/novos-accionistas-velhos-problemas-aquisicoes-malparadas-de-duas-aeronaves-embraer-190-pelas-linhas-aereas-de-mocambique-reforcam-suspeitas-de-ma-gestao-e-captura-por-interesses-privados\/\" aria-hidden=\"true\" ><\/a>\n\t<\/div>\n\n\t<div class=\"anwp-pg-post-teaser__content flex-grow-1 pt-1 d-flex flex-column\">\n\n\t\t<div class=\"anwp-pg-post-teaser__title anwp-font-heading mt-2\">\n\t\t\t<a class=\"anwp-link-without-effects\" href=\"https:\/\/www.cipmoz.org\/pt\/2026\/06\/02\/novos-accionistas-velhos-problemas-aquisicoes-malparadas-de-duas-aeronaves-embraer-190-pelas-linhas-aereas-de-mocambique-reforcam-suspeitas-de-ma-gestao-e-captura-por-interesses-privados\/\" aria-hidden=\"true\" >\n\t\t\t\tNovos Accionistas, Velhos Problemas:  AQUISI\u00c7\u00d5ES MALPARADAS DE DUAS AERONAVES EMBRAER 190 PELAS LINHAS A\u00c9REAS DE MO\u00c7AMBIQUE REFOR\u00c7AM SUSPEITAS DE M\u00c1 GEST\u00c3O E CAPTURA POR INTERESSES PRIVADOS\t\t\t<\/a>\n\t\t<\/div>\n\n\t\t<div class=\"anwp-pg-post-teaser__bottom-meta d-flex flex-wrap\">\n\n\t\t\t\t\t\t\t<div class=\"anwp-pg-post-teaser__bottom-meta-item d-flex align-items-center mr-3\">\n\t\t\t\t\t<svg class=\"anwp-pg-icon anwp-pg-icon--s16 mr-1\">\n\t\t\t\t\t\t<use xlink:href=\"#icon-anwp-pg-calendar\"><\/use>\n\t\t\t\t\t<\/svg>\n\t\t\t\t\t<span class=\"posted-on m-0\"><span class=\"screen-reader-text\">Posted on<\/span><time class=\"anwp-pg-published\" datetime=\"2026-06-02T12:12:37+02:00\">Junho 2, 2026<\/time><time class=\"anwp-pg-updated\" datetime=\"2026-07-08T11:38:25+02:00\">Julho 8, 2026<\/time><\/span>\n\t\t\t\t<\/div>\n\t\t\t\t\t\t\t\t\t<div class=\"anwp-pg-post-teaser__bottom-meta-item d-flex align-items-center\">\n\t\t\t\t\t\t<svg class=\"anwp-pg-icon anwp-pg-icon--s16 mr-1\">\n\t\t\t\t\t\t\t<use xlink:href=\"#icon-anwp-pg-eye\"><\/use>\n\t\t\t\t\t\t<\/svg>\n\t\t\t\t\t\t1106\t\t\t\t\t<\/div>\n\t\t\t\t\t\n\t\t\t\t\t<\/div>\n\n\t\t\n\t\t\n\t<\/div>\n\n<\/div>\n<div class=\"anwp-pg-post-teaser anwp-pg-post-teaser--inner-cover-link anwp-pg-post-teaser--layout-d d-flex flex-column anwp-col-lg-3 anwp-col-sm-6 anwp-col-12 anwp-pg-post-teaser--has-pvc-meta\">\n\t<div class=\"anwp-pg-post-teaser__thumbnail position-relative\">\n\n\t\t\t\t\t<div class=\"anwp-pg-post-teaser__top-meta d-flex flex-column anwp-pg-post-teaser__category-column mr-auto\">\n\t\t\t\t<div class=\"anwp-pg-category__wrapper-filled px-2 d-flex align-items-center anwp-pg-post-teaser__category-wrapper align-self-start anwp-pg-category-parent-0\" style=\"background-color: #1565C0\"><span>Finan\u00e7as P\u00fablicas<\/span><\/div>\t\t\t<\/div>\n\t\t\t\n\t\t\n\t\t\t\t\t<div class=\"anwp-pg-post-teaser__thumbnail-img anwp-pg-height-180\"\n\t\t\t\tstyle=\"background-image: url(https:\/\/www.cipmoz.org\/wp-content\/uploads\/2026\/06\/4.jpg)\">\n\t\t\t<\/div>\n\t\t\n\t\t<div class=\"anwp-pg-post-teaser__thumbnail-bg anwp-position-cover\"><\/div>\n\n\t\t<a class=\"anwp-position-cover anwp-link-without-effects\" href=\"https:\/\/www.cipmoz.org\/pt\/2026\/06\/01\/analise-dos-impactos-macro-fiscais-da-escassez-persistente-de-divisas-e-taxa-de-cambio-o-caso-de-m-mocambique-1990-2024\/\" aria-hidden=\"true\" ><\/a>\n\t<\/div>\n\n\t<div class=\"anwp-pg-post-teaser__content flex-grow-1 pt-1 d-flex flex-column\">\n\n\t\t<div class=\"anwp-pg-post-teaser__title anwp-font-heading mt-2\">\n\t\t\t<a class=\"anwp-link-without-effects\" href=\"https:\/\/www.cipmoz.org\/pt\/2026\/06\/01\/analise-dos-impactos-macro-fiscais-da-escassez-persistente-de-divisas-e-taxa-de-cambio-o-caso-de-m-mocambique-1990-2024\/\" aria-hidden=\"true\" >\n\t\t\t\tAN\u00c1LISE DOS IMPACTOS MACRO-FISCAIS DA ESCASSEZ PERSISTENTE DE DIVISAS E TAXA DE C\u00c2MBIO: O CASO DE M MO\u00c7AMBIQUE (1990-2024)\t\t\t<\/a>\n\t\t<\/div>\n\n\t\t<div class=\"anwp-pg-post-teaser__bottom-meta d-flex flex-wrap\">\n\n\t\t\t\t\t\t\t<div class=\"anwp-pg-post-teaser__bottom-meta-item d-flex align-items-center mr-3\">\n\t\t\t\t\t<svg class=\"anwp-pg-icon anwp-pg-icon--s16 mr-1\">\n\t\t\t\t\t\t<use xlink:href=\"#icon-anwp-pg-calendar\"><\/use>\n\t\t\t\t\t<\/svg>\n\t\t\t\t\t<span class=\"posted-on m-0\"><span class=\"screen-reader-text\">Posted on<\/span><time class=\"anwp-pg-published\" datetime=\"2026-06-01T12:02:28+02:00\">Junho 1, 2026<\/time><time class=\"anwp-pg-updated\" datetime=\"2026-06-02T17:37:52+02:00\">Junho 2, 2026<\/time><\/span>\n\t\t\t\t<\/div>\n\t\t\t\t\t\t\t\t\t<div class=\"anwp-pg-post-teaser__bottom-meta-item d-flex align-items-center\">\n\t\t\t\t\t\t<svg class=\"anwp-pg-icon anwp-pg-icon--s16 mr-1\">\n\t\t\t\t\t\t\t<use xlink:href=\"#icon-anwp-pg-eye\"><\/use>\n\t\t\t\t\t\t<\/svg>\n\t\t\t\t\t\t2362\t\t\t\t\t<\/div>\n\t\t\t\t\t\n\t\t\t\t\t<\/div>\n\n\t\t\n\t\t\n\t<\/div>\n\n<\/div>\n<div class=\"anwp-pg-post-teaser anwp-pg-post-teaser--inner-cover-link anwp-pg-post-teaser--layout-d d-flex flex-column anwp-col-lg-3 anwp-col-sm-6 anwp-col-12 anwp-pg-post-teaser--has-pvc-meta\">\n\t<div class=\"anwp-pg-post-teaser__thumbnail position-relative\">\n\n\t\t\t\t\t<div class=\"anwp-pg-post-teaser__top-meta d-flex flex-column anwp-pg-post-teaser__category-column mr-auto\">\n\t\t\t\t<div class=\"anwp-pg-category__wrapper-filled px-2 d-flex align-items-center anwp-pg-post-teaser__category-wrapper align-self-start anwp-pg-category-parent-0\" style=\"background-color: #1565C0\"><span>Finan\u00e7as P\u00fablicas<\/span><\/div>\t\t\t<\/div>\n\t\t\t\n\t\t\n\t\t\t\t\t<div class=\"anwp-pg-post-teaser__thumbnail-img anwp-pg-height-180\"\n\t\t\t\tstyle=\"background-image: url(https:\/\/www.cipmoz.org\/wp-content\/uploads\/2026\/06\/4.jpg)\">\n\t\t\t<\/div>\n\t\t\n\t\t<div class=\"anwp-pg-post-teaser__thumbnail-bg anwp-position-cover\"><\/div>\n\n\t\t<a class=\"anwp-position-cover anwp-link-without-effects\" href=\"https:\/\/www.cipmoz.org\/pt\/2026\/05\/26\/analysis-of-the-macro-fiscal-impacts-associated-with-the-persistent-foreign-currency-shortage-and-the-exchange-rate-the-case-of-mozambique-1990-2024\/\" aria-hidden=\"true\" ><\/a>\n\t<\/div>\n\n\t<div class=\"anwp-pg-post-teaser__content flex-grow-1 pt-1 d-flex flex-column\">\n\n\t\t<div class=\"anwp-pg-post-teaser__title anwp-font-heading mt-2\">\n\t\t\t<a class=\"anwp-link-without-effects\" href=\"https:\/\/www.cipmoz.org\/pt\/2026\/05\/26\/analysis-of-the-macro-fiscal-impacts-associated-with-the-persistent-foreign-currency-shortage-and-the-exchange-rate-the-case-of-mozambique-1990-2024\/\" aria-hidden=\"true\" >\n\t\t\t\tANALYSIS OF THE MACRO-FISCAL IMPACTS ASSOCIATED WITH THE PERSISTENT FOREIGN CURRENCY SHORTAGE AND THE EXCHANGE RATE:  THE CASE OF MOZAMBIQUE (1990-2024)\t\t\t<\/a>\n\t\t<\/div>\n\n\t\t<div class=\"anwp-pg-post-teaser__bottom-meta d-flex flex-wrap\">\n\n\t\t\t\t\t\t\t<div class=\"anwp-pg-post-teaser__bottom-meta-item d-flex align-items-center mr-3\">\n\t\t\t\t\t<svg class=\"anwp-pg-icon anwp-pg-icon--s16 mr-1\">\n\t\t\t\t\t\t<use xlink:href=\"#icon-anwp-pg-calendar\"><\/use>\n\t\t\t\t\t<\/svg>\n\t\t\t\t\t<span class=\"posted-on m-0\"><span class=\"screen-reader-text\">Posted on<\/span><time class=\"anwp-pg-published\" datetime=\"2026-05-26T10:35:29+02:00\">Maio 26, 2026<\/time><time class=\"anwp-pg-updated\" datetime=\"2026-05-26T08:07:22+02:00\">Maio 26, 2026<\/time><\/span>\n\t\t\t\t<\/div>\n\t\t\t\t\t\t\t\t\t<div class=\"anwp-pg-post-teaser__bottom-meta-item d-flex align-items-center\">\n\t\t\t\t\t\t<svg class=\"anwp-pg-icon anwp-pg-icon--s16 mr-1\">\n\t\t\t\t\t\t\t<use xlink:href=\"#icon-anwp-pg-eye\"><\/use>\n\t\t\t\t\t\t<\/svg>\n\t\t\t\t\t\t3078\t\t\t\t\t<\/div>\n\t\t\t\t\t\n\t\t\t\t\t<\/div>\n\n\t\t\n\t\t\n\t<\/div>\n\n<\/div>\n<div class=\"anwp-pg-post-teaser anwp-pg-post-teaser--inner-cover-link anwp-pg-post-teaser--layout-d d-flex flex-column anwp-col-lg-3 anwp-col-sm-6 anwp-col-12 anwp-pg-post-teaser--has-pvc-meta\">\n\t<div class=\"anwp-pg-post-teaser__thumbnail position-relative\">\n\n\t\t\t\t\t<div class=\"anwp-pg-post-teaser__top-meta d-flex flex-column anwp-pg-post-teaser__category-column mr-auto\">\n\t\t\t\t<div class=\"anwp-pg-category__wrapper-filled px-2 d-flex align-items-center anwp-pg-post-teaser__category-wrapper align-self-start anwp-pg-category-parent-0\" style=\"background-color: #1565C0\"><span>Finan\u00e7as P\u00fablicas<\/span><\/div>\t\t\t<\/div>\n\t\t\t\n\t\t\n\t\t\t\t\t<div class=\"anwp-pg-post-teaser__thumbnail-img anwp-pg-height-180\"\n\t\t\t\tstyle=\"background-image: url(https:\/\/www.cipmoz.org\/wp-content\/uploads\/2026\/06\/4.jpg)\">\n\t\t\t<\/div>\n\t\t\n\t\t<div class=\"anwp-pg-post-teaser__thumbnail-bg anwp-position-cover\"><\/div>\n\n\t\t<a class=\"anwp-position-cover anwp-link-without-effects\" href=\"https:\/\/www.cipmoz.org\/pt\/2026\/05\/26\/analise-dos-impactos-macro-fiscais-associados-a-escassez-persistente-de-divisas-e-a-taxa-de-cambio-o-caso-de-mocambique-1990-2024\/\" aria-hidden=\"true\" ><\/a>\n\t<\/div>\n\n\t<div class=\"anwp-pg-post-teaser__content flex-grow-1 pt-1 d-flex flex-column\">\n\n\t\t<div class=\"anwp-pg-post-teaser__title anwp-font-heading mt-2\">\n\t\t\t<a class=\"anwp-link-without-effects\" href=\"https:\/\/www.cipmoz.org\/pt\/2026\/05\/26\/analise-dos-impactos-macro-fiscais-associados-a-escassez-persistente-de-divisas-e-a-taxa-de-cambio-o-caso-de-mocambique-1990-2024\/\" aria-hidden=\"true\" >\n\t\t\t\tAN\u00c1LISE DOS IMPACTOS MACRO-FISCAIS ASSOCIADOS \u00c0 ESCASSEZ PERSISTENTE DE DIVISAS E \u00c0 TAXA DE C\u00c2MBIO: O CASO DE MO\u00c7AMBIQUE (1990 \u2013 2024)\t\t\t<\/a>\n\t\t<\/div>\n\n\t\t<div class=\"anwp-pg-post-teaser__bottom-meta d-flex flex-wrap\">\n\n\t\t\t\t\t\t\t<div class=\"anwp-pg-post-teaser__bottom-meta-item d-flex align-items-center mr-3\">\n\t\t\t\t\t<svg class=\"anwp-pg-icon anwp-pg-icon--s16 mr-1\">\n\t\t\t\t\t\t<use xlink:href=\"#icon-anwp-pg-calendar\"><\/use>\n\t\t\t\t\t<\/svg>\n\t\t\t\t\t<span class=\"posted-on m-0\"><span class=\"screen-reader-text\">Posted on<\/span><time class=\"anwp-pg-published\" datetime=\"2026-05-26T10:30:34+02:00\">Maio 26, 2026<\/time><time class=\"anwp-pg-updated\" datetime=\"2026-05-26T12:35:42+02:00\">Maio 26, 2026<\/time><\/span>\n\t\t\t\t<\/div>\n\t\t\t\t\t\t\t\t\t<div class=\"anwp-pg-post-teaser__bottom-meta-item d-flex align-items-center\">\n\t\t\t\t\t\t<svg class=\"anwp-pg-icon anwp-pg-icon--s16 mr-1\">\n\t\t\t\t\t\t\t<use xlink:href=\"#icon-anwp-pg-eye\"><\/use>\n\t\t\t\t\t\t<\/svg>\n\t\t\t\t\t\t2557\t\t\t\t\t<\/div>\n\t\t\t\t\t\n\t\t\t\t\t<\/div>\n\n\t\t\n\t\t\n\t<\/div>\n\n<\/div>\n<div class=\"anwp-pg-post-teaser anwp-pg-post-teaser--inner-cover-link anwp-pg-post-teaser--layout-d d-flex flex-column anwp-col-lg-3 anwp-col-sm-6 anwp-col-12 anwp-pg-post-teaser--has-pvc-meta\">\n\t<div class=\"anwp-pg-post-teaser__thumbnail position-relative\">\n\n\t\t\t\t\t<div class=\"anwp-pg-post-teaser__top-meta d-flex flex-column anwp-pg-post-teaser__category-column mr-auto\">\n\t\t\t\t<div class=\"anwp-pg-category__wrapper-filled px-2 d-flex align-items-center anwp-pg-post-teaser__category-wrapper align-self-start anwp-pg-category-parent-0\" style=\"background-color: #1565C0\"><span>Ind\u00fastria extractiva<\/span><\/div>\t\t\t<\/div>\n\t\t\t\n\t\t\n\t\t\t\t\t<div class=\"anwp-pg-post-teaser__thumbnail-img anwp-pg-height-180\"\n\t\t\t\tstyle=\"background-image: url(https:\/\/www.cipmoz.org\/wp-content\/uploads\/2026\/07\/extrativa-industria.jpg)\">\n\t\t\t<\/div>\n\t\t\n\t\t<div class=\"anwp-pg-post-teaser__thumbnail-bg anwp-position-cover\"><\/div>\n\n\t\t<a class=\"anwp-position-cover anwp-link-without-effects\" href=\"https:\/\/www.cipmoz.org\/pt\/2026\/05\/18\/will-rovuma-gas-transform-mozambique\/\" aria-hidden=\"true\" ><\/a>\n\t<\/div>\n\n\t<div class=\"anwp-pg-post-teaser__content flex-grow-1 pt-1 d-flex flex-column\">\n\n\t\t<div class=\"anwp-pg-post-teaser__title anwp-font-heading mt-2\">\n\t\t\t<a class=\"anwp-link-without-effects\" href=\"https:\/\/www.cipmoz.org\/pt\/2026\/05\/18\/will-rovuma-gas-transform-mozambique\/\" aria-hidden=\"true\" >\n\t\t\t\tWILL ROVUMA GAS TRANSFORM MOZAMBIQUE?\t\t\t<\/a>\n\t\t<\/div>\n\n\t\t<div class=\"anwp-pg-post-teaser__bottom-meta d-flex flex-wrap\">\n\n\t\t\t\t\t\t\t<div class=\"anwp-pg-post-teaser__bottom-meta-item d-flex align-items-center mr-3\">\n\t\t\t\t\t<svg class=\"anwp-pg-icon anwp-pg-icon--s16 mr-1\">\n\t\t\t\t\t\t<use xlink:href=\"#icon-anwp-pg-calendar\"><\/use>\n\t\t\t\t\t<\/svg>\n\t\t\t\t\t<span class=\"posted-on m-0\"><span class=\"screen-reader-text\">Posted on<\/span><time class=\"anwp-pg-published\" datetime=\"2026-05-18T17:21:14+02:00\">Maio 18, 2026<\/time><time class=\"anwp-pg-updated\" datetime=\"2026-05-18T19:01:52+02:00\">Maio 18, 2026<\/time><\/span>\n\t\t\t\t<\/div>\n\t\t\t\t\t\t\t\t\t<div class=\"anwp-pg-post-teaser__bottom-meta-item d-flex align-items-center\">\n\t\t\t\t\t\t<svg class=\"anwp-pg-icon anwp-pg-icon--s16 mr-1\">\n\t\t\t\t\t\t\t<use xlink:href=\"#icon-anwp-pg-eye\"><\/use>\n\t\t\t\t\t\t<\/svg>\n\t\t\t\t\t\t997\t\t\t\t\t<\/div>\n\t\t\t\t\t\n\t\t\t\t\t<\/div>\n\n\t\t\n\t\t\n\t<\/div>\n\n<\/div>\n<div class=\"anwp-pg-post-teaser anwp-pg-post-teaser--inner-cover-link anwp-pg-post-teaser--layout-d d-flex flex-column anwp-col-lg-3 anwp-col-sm-6 anwp-col-12 anwp-pg-post-teaser--has-pvc-meta\">\n\t<div class=\"anwp-pg-post-teaser__thumbnail position-relative\">\n\n\t\t\t\t\t<div class=\"anwp-pg-post-teaser__top-meta d-flex flex-column anwp-pg-post-teaser__category-column mr-auto\">\n\t\t\t\t<div class=\"anwp-pg-category__wrapper-filled px-2 d-flex align-items-center anwp-pg-post-teaser__category-wrapper align-self-start anwp-pg-category-parent-0\" style=\"background-color: #1565C0\"><span>Ind\u00fastria extractiva<\/span><\/div>\t\t\t<\/div>\n\t\t\t\n\t\t\n\t\t\t\t\t<div class=\"anwp-pg-post-teaser__thumbnail-img anwp-pg-height-180\"\n\t\t\t\tstyle=\"background-image: url(https:\/\/www.cipmoz.org\/wp-content\/uploads\/2026\/07\/extrativa-industria.jpg)\">\n\t\t\t<\/div>\n\t\t\n\t\t<div class=\"anwp-pg-post-teaser__thumbnail-bg anwp-position-cover\"><\/div>\n\n\t\t<a class=\"anwp-position-cover anwp-link-without-effects\" href=\"https:\/\/www.cipmoz.org\/pt\/2026\/05\/18\/o-gas-do-rovuma-vai-transformar-mocambique\/\" aria-hidden=\"true\" ><\/a>\n\t<\/div>\n\n\t<div class=\"anwp-pg-post-teaser__content flex-grow-1 pt-1 d-flex flex-column\">\n\n\t\t<div class=\"anwp-pg-post-teaser__title anwp-font-heading mt-2\">\n\t\t\t<a class=\"anwp-link-without-effects\" href=\"https:\/\/www.cipmoz.org\/pt\/2026\/05\/18\/o-gas-do-rovuma-vai-transformar-mocambique\/\" aria-hidden=\"true\" >\n\t\t\t\tO G\u00c1S DO ROVUMA VAI TRANSFORMAR MO\u00c7AMBIQUE?\t\t\t<\/a>\n\t\t<\/div>\n\n\t\t<div class=\"anwp-pg-post-teaser__bottom-meta d-flex flex-wrap\">\n\n\t\t\t\t\t\t\t<div class=\"anwp-pg-post-teaser__bottom-meta-item d-flex align-items-center mr-3\">\n\t\t\t\t\t<svg class=\"anwp-pg-icon anwp-pg-icon--s16 mr-1\">\n\t\t\t\t\t\t<use xlink:href=\"#icon-anwp-pg-calendar\"><\/use>\n\t\t\t\t\t<\/svg>\n\t\t\t\t\t<span class=\"posted-on m-0\"><span class=\"screen-reader-text\">Posted on<\/span><time class=\"anwp-pg-published\" datetime=\"2026-05-18T17:18:21+02:00\">Maio 18, 2026<\/time><time class=\"anwp-pg-updated\" datetime=\"2026-05-18T19:00:14+02:00\">Maio 18, 2026<\/time><\/span>\n\t\t\t\t<\/div>\n\t\t\t\t\t\t\t\t\t<div class=\"anwp-pg-post-teaser__bottom-meta-item d-flex align-items-center\">\n\t\t\t\t\t\t<svg class=\"anwp-pg-icon anwp-pg-icon--s16 mr-1\">\n\t\t\t\t\t\t\t<use xlink:href=\"#icon-anwp-pg-eye\"><\/use>\n\t\t\t\t\t\t<\/svg>\n\t\t\t\t\t\t2576\t\t\t\t\t<\/div>\n\t\t\t\t\t\n\t\t\t\t\t<\/div>\n\n\t\t\n\t\t\n\t<\/div>\n\n<\/div>\n<div class=\"anwp-pg-post-teaser anwp-pg-post-teaser--inner-cover-link anwp-pg-post-teaser--layout-d d-flex flex-column anwp-col-lg-3 anwp-col-sm-6 anwp-col-12 anwp-pg-post-teaser--has-pvc-meta\">\n\t<div class=\"anwp-pg-post-teaser__thumbnail position-relative\">\n\n\t\t\t\t\t<div class=\"anwp-pg-post-teaser__top-meta d-flex flex-column anwp-pg-post-teaser__category-column mr-auto\">\n\t\t\t\t<div class=\"anwp-pg-category__wrapper-filled px-2 d-flex align-items-center anwp-pg-post-teaser__category-wrapper align-self-start anwp-pg-category-parent-0\" style=\"background-color: #1565C0\"><span>Projecto FMO<\/span><\/div>\t\t\t<\/div>\n\t\t\t\n\t\t\n\t\t\t\t\t<div class=\"anwp-pg-post-teaser__thumbnail-img anwp-pg-height-180\"\n\t\t\t\tstyle=\"background-image: url(https:\/\/www.cipmoz.org\/wp-content\/uploads\/2021\/09\/FMO-01.png)\">\n\t\t\t<\/div>\n\t\t\n\t\t<div class=\"anwp-pg-post-teaser__thumbnail-bg anwp-position-cover\"><\/div>\n\n\t\t<a class=\"anwp-position-cover anwp-link-without-effects\" href=\"https:\/\/www.cipmoz.org\/pt\/2026\/05\/14\/analise-da-implementacao-dos-requisitos-de-beneficiario-efectivo-no-procurement-publico-em-mocambique\/\" aria-hidden=\"true\" ><\/a>\n\t<\/div>\n\n\t<div class=\"anwp-pg-post-teaser__content flex-grow-1 pt-1 d-flex flex-column\">\n\n\t\t<div class=\"anwp-pg-post-teaser__title anwp-font-heading mt-2\">\n\t\t\t<a class=\"anwp-link-without-effects\" href=\"https:\/\/www.cipmoz.org\/pt\/2026\/05\/14\/analise-da-implementacao-dos-requisitos-de-beneficiario-efectivo-no-procurement-publico-em-mocambique\/\" aria-hidden=\"true\" >\n\t\t\t\tAn\u00e1lise da Implementa\u00e7\u00e3o dos Requisitos de Benefici\u00e1rio Efectivo no Procurement P\u00fablico em Mo\u00e7ambique\t\t\t<\/a>\n\t\t<\/div>\n\n\t\t<div class=\"anwp-pg-post-teaser__bottom-meta d-flex flex-wrap\">\n\n\t\t\t\t\t\t\t<div class=\"anwp-pg-post-teaser__bottom-meta-item d-flex align-items-center mr-3\">\n\t\t\t\t\t<svg class=\"anwp-pg-icon anwp-pg-icon--s16 mr-1\">\n\t\t\t\t\t\t<use xlink:href=\"#icon-anwp-pg-calendar\"><\/use>\n\t\t\t\t\t<\/svg>\n\t\t\t\t\t<span class=\"posted-on m-0\"><span class=\"screen-reader-text\">Posted on<\/span><time class=\"anwp-pg-published\" datetime=\"2026-05-14T15:24:24+02:00\">Maio 14, 2026<\/time><time class=\"anwp-pg-updated\" datetime=\"2026-05-15T11:15:45+02:00\">Maio 15, 2026<\/time><\/span>\n\t\t\t\t<\/div>\n\t\t\t\t\t\t\t\t\t<div class=\"anwp-pg-post-teaser__bottom-meta-item d-flex align-items-center\">\n\t\t\t\t\t\t<svg class=\"anwp-pg-icon anwp-pg-icon--s16 mr-1\">\n\t\t\t\t\t\t\t<use xlink:href=\"#icon-anwp-pg-eye\"><\/use>\n\t\t\t\t\t\t<\/svg>\n\t\t\t\t\t\t1030\t\t\t\t\t<\/div>\n\t\t\t\t\t\n\t\t\t\t\t<\/div>\n\n\t\t\n\t\t\n\t<\/div>\n\n<\/div>\n<div class=\"anwp-pg-post-teaser anwp-pg-post-teaser--inner-cover-link anwp-pg-post-teaser--layout-d d-flex flex-column anwp-col-lg-3 anwp-col-sm-6 anwp-col-12 anwp-pg-post-teaser--has-pvc-meta\">\n\t<div class=\"anwp-pg-post-teaser__thumbnail position-relative\">\n\n\t\t\t\t\t<div class=\"anwp-pg-post-teaser__top-meta d-flex flex-column anwp-pg-post-teaser__category-column mr-auto\">\n\t\t\t\t<div class=\"anwp-pg-category__wrapper-filled px-2 d-flex align-items-center anwp-pg-post-teaser__category-wrapper align-self-start anwp-pg-category-parent-0\" style=\"background-color: #1565C0\"><span>Ind\u00fastria extractiva<\/span><\/div>\t\t\t<\/div>\n\t\t\t\n\t\t\n\t\t\t\t\t<div class=\"anwp-pg-post-teaser__thumbnail-img anwp-pg-height-180\"\n\t\t\t\tstyle=\"background-image: url(https:\/\/www.cipmoz.org\/wp-content\/uploads\/2026\/07\/extrativa-industria.jpg)\">\n\t\t\t<\/div>\n\t\t\n\t\t<div class=\"anwp-pg-post-teaser__thumbnail-bg anwp-position-cover\"><\/div>\n\n\t\t<a class=\"anwp-position-cover anwp-link-without-effects\" href=\"https:\/\/www.cipmoz.org\/pt\/2026\/05\/12\/o-que-o-gas-do-rovuma-gera-realmente-para-mocambique\/\" aria-hidden=\"true\" ><\/a>\n\t<\/div>\n\n\t<div class=\"anwp-pg-post-teaser__content flex-grow-1 pt-1 d-flex flex-column\">\n\n\t\t<div class=\"anwp-pg-post-teaser__title anwp-font-heading mt-2\">\n\t\t\t<a class=\"anwp-link-without-effects\" href=\"https:\/\/www.cipmoz.org\/pt\/2026\/05\/12\/o-que-o-gas-do-rovuma-gera-realmente-para-mocambique\/\" aria-hidden=\"true\" >\n\t\t\t\tO QUE O G\u00c1S DO ROVUMA GERA REALMENTE PARA MO\u00c7AMBIQUE?\t\t\t<\/a>\n\t\t<\/div>\n\n\t\t<div class=\"anwp-pg-post-teaser__bottom-meta d-flex flex-wrap\">\n\n\t\t\t\t\t\t\t<div class=\"anwp-pg-post-teaser__bottom-meta-item d-flex align-items-center mr-3\">\n\t\t\t\t\t<svg class=\"anwp-pg-icon anwp-pg-icon--s16 mr-1\">\n\t\t\t\t\t\t<use xlink:href=\"#icon-anwp-pg-calendar\"><\/use>\n\t\t\t\t\t<\/svg>\n\t\t\t\t\t<span class=\"posted-on m-0\"><span class=\"screen-reader-text\">Posted on<\/span><time class=\"anwp-pg-published\" datetime=\"2026-05-12T10:00:48+02:00\">Maio 12, 2026<\/time><time class=\"anwp-pg-updated\" datetime=\"2026-05-15T13:32:30+02:00\">Maio 15, 2026<\/time><\/span>\n\t\t\t\t<\/div>\n\t\t\t\t\t\t\t\t\t<div class=\"anwp-pg-post-teaser__bottom-meta-item d-flex align-items-center\">\n\t\t\t\t\t\t<svg class=\"anwp-pg-icon anwp-pg-icon--s16 mr-1\">\n\t\t\t\t\t\t\t<use xlink:href=\"#icon-anwp-pg-eye\"><\/use>\n\t\t\t\t\t\t<\/svg>\n\t\t\t\t\t\t1928\t\t\t\t\t<\/div>\n\t\t\t\t\t\n\t\t\t\t\t<\/div>\n\n\t\t\n\t\t\n\t<\/div>\n\n<\/div>\n<div class=\"anwp-pg-post-teaser anwp-pg-post-teaser--inner-cover-link anwp-pg-post-teaser--layout-d d-flex flex-column anwp-col-lg-3 anwp-col-sm-6 anwp-col-12 anwp-pg-post-teaser--has-pvc-meta\">\n\t<div class=\"anwp-pg-post-teaser__thumbnail position-relative\">\n\n\t\t\t\t\t<div class=\"anwp-pg-post-teaser__top-meta d-flex flex-column anwp-pg-post-teaser__category-column mr-auto\">\n\t\t\t\t<div class=\"anwp-pg-category__wrapper-filled px-2 d-flex align-items-center anwp-pg-post-teaser__category-wrapper align-self-start anwp-pg-category-parent-0\" style=\"background-color: #1565C0\"><span>Ind\u00fastria extractiva<\/span><\/div>\t\t\t<\/div>\n\t\t\t\n\t\t\n\t\t\t\t\t<div class=\"anwp-pg-post-teaser__thumbnail-img anwp-pg-height-180\"\n\t\t\t\tstyle=\"background-image: url(https:\/\/www.cipmoz.org\/wp-content\/uploads\/2026\/07\/extrativa-industria.jpg)\">\n\t\t\t<\/div>\n\t\t\n\t\t<div class=\"anwp-pg-post-teaser__thumbnail-bg anwp-position-cover\"><\/div>\n\n\t\t<a class=\"anwp-position-cover anwp-link-without-effects\" href=\"https:\/\/www.cipmoz.org\/pt\/2026\/05\/12\/what-does-rovuma-gas-actually-bring-to-mozambique-2\/\" aria-hidden=\"true\" ><\/a>\n\t<\/div>\n\n\t<div class=\"anwp-pg-post-teaser__content flex-grow-1 pt-1 d-flex flex-column\">\n\n\t\t<div class=\"anwp-pg-post-teaser__title anwp-font-heading mt-2\">\n\t\t\t<a class=\"anwp-link-without-effects\" href=\"https:\/\/www.cipmoz.org\/pt\/2026\/05\/12\/what-does-rovuma-gas-actually-bring-to-mozambique-2\/\" aria-hidden=\"true\" >\n\t\t\t\tWHAT DOES ROVUMA GAS ACTUALLY BRING TO MOZAMBIQUE?\t\t\t<\/a>\n\t\t<\/div>\n\n\t\t<div class=\"anwp-pg-post-teaser__bottom-meta d-flex flex-wrap\">\n\n\t\t\t\t\t\t\t<div class=\"anwp-pg-post-teaser__bottom-meta-item d-flex align-items-center mr-3\">\n\t\t\t\t\t<svg class=\"anwp-pg-icon anwp-pg-icon--s16 mr-1\">\n\t\t\t\t\t\t<use xlink:href=\"#icon-anwp-pg-calendar\"><\/use>\n\t\t\t\t\t<\/svg>\n\t\t\t\t\t<span class=\"posted-on m-0\"><span class=\"screen-reader-text\">Posted on<\/span><time class=\"anwp-pg-published\" datetime=\"2026-05-12T10:00:25+02:00\">Maio 12, 2026<\/time><time class=\"anwp-pg-updated\" datetime=\"2026-05-13T20:00:41+02:00\">Maio 13, 2026<\/time><\/span>\n\t\t\t\t<\/div>\n\t\t\t\t\t\t\t\t\t<div class=\"anwp-pg-post-teaser__bottom-meta-item d-flex align-items-center\">\n\t\t\t\t\t\t<svg class=\"anwp-pg-icon anwp-pg-icon--s16 mr-1\">\n\t\t\t\t\t\t\t<use xlink:href=\"#icon-anwp-pg-eye\"><\/use>\n\t\t\t\t\t\t<\/svg>\n\t\t\t\t\t\t981\t\t\t\t\t<\/div>\n\t\t\t\t\t\n\t\t\t\t\t<\/div>\n\n\t\t\n\t\t\n\t<\/div>\n\n<\/div>\n<div class=\"anwp-pg-post-teaser anwp-pg-post-teaser--inner-cover-link anwp-pg-post-teaser--layout-d d-flex flex-column anwp-col-lg-3 anwp-col-sm-6 anwp-col-12 anwp-pg-post-teaser--has-pvc-meta\">\n\t<div class=\"anwp-pg-post-teaser__thumbnail position-relative\">\n\n\t\t\t\t\t<div class=\"anwp-pg-post-teaser__top-meta d-flex flex-column anwp-pg-post-teaser__category-column mr-auto\">\n\t\t\t\t<div class=\"anwp-pg-category__wrapper-filled px-2 d-flex align-items-center anwp-pg-post-teaser__category-wrapper align-self-start anwp-pg-category-parent-0\" style=\"background-color: #1565C0\"><span>Boa Governacao<\/span><\/div>\t\t\t<\/div>\n\t\t\t\n\t\t\n\t\t\t\t\t<div class=\"anwp-pg-post-teaser__thumbnail-img anwp-pg-height-180\"\n\t\t\t\tstyle=\"background-image: url(https:\/\/www.cipmoz.org\/wp-content\/uploads\/2026\/06\/2.jpg)\">\n\t\t\t<\/div>\n\t\t\n\t\t<div class=\"anwp-pg-post-teaser__thumbnail-bg anwp-position-cover\"><\/div>\n\n\t\t<a class=\"anwp-position-cover anwp-link-without-effects\" href=\"https:\/\/www.cipmoz.org\/pt\/2026\/05\/10\/aborto-legal-no-papel-clandestino-na-pratica-o-retrato-de-um-sistema-de-saude-que-falha\/\" aria-hidden=\"true\" ><\/a>\n\t<\/div>\n\n\t<div class=\"anwp-pg-post-teaser__content flex-grow-1 pt-1 d-flex flex-column\">\n\n\t\t<div class=\"anwp-pg-post-teaser__title anwp-font-heading mt-2\">\n\t\t\t<a class=\"anwp-link-without-effects\" href=\"https:\/\/www.cipmoz.org\/pt\/2026\/05\/10\/aborto-legal-no-papel-clandestino-na-pratica-o-retrato-de-um-sistema-de-saude-que-falha\/\" aria-hidden=\"true\" >\n\t\t\t\tAborto legal no papel, clandestino na pr\u00e1tica: o retrato de um sistema de sa\u00fade que falha\t\t\t<\/a>\n\t\t<\/div>\n\n\t\t<div class=\"anwp-pg-post-teaser__bottom-meta d-flex flex-wrap\">\n\n\t\t\t\t\t\t\t<div class=\"anwp-pg-post-teaser__bottom-meta-item d-flex align-items-center mr-3\">\n\t\t\t\t\t<svg class=\"anwp-pg-icon anwp-pg-icon--s16 mr-1\">\n\t\t\t\t\t\t<use xlink:href=\"#icon-anwp-pg-calendar\"><\/use>\n\t\t\t\t\t<\/svg>\n\t\t\t\t\t<span class=\"posted-on m-0\"><span class=\"screen-reader-text\">Posted on<\/span><time class=\"anwp-pg-published\" datetime=\"2026-05-10T11:53:45+02:00\">Maio 10, 2026<\/time><time class=\"anwp-pg-updated\" datetime=\"2026-05-12T20:42:45+02:00\">Maio 12, 2026<\/time><\/span>\n\t\t\t\t<\/div>\n\t\t\t\t\t\t\t\t\t<div class=\"anwp-pg-post-teaser__bottom-meta-item d-flex align-items-center\">\n\t\t\t\t\t\t<svg class=\"anwp-pg-icon anwp-pg-icon--s16 mr-1\">\n\t\t\t\t\t\t\t<use xlink:href=\"#icon-anwp-pg-eye\"><\/use>\n\t\t\t\t\t\t<\/svg>\n\t\t\t\t\t\t1252\t\t\t\t\t<\/div>\n\t\t\t\t\t\n\t\t\t\t\t<\/div>\n\n\t\t\n\t\t\n\t<\/div>\n\n<\/div>\n<div class=\"anwp-pg-post-teaser anwp-pg-post-teaser--inner-cover-link anwp-pg-post-teaser--layout-d d-flex flex-column anwp-col-lg-3 anwp-col-sm-6 anwp-col-12 anwp-pg-post-teaser--has-pvc-meta\">\n\t<div class=\"anwp-pg-post-teaser__thumbnail position-relative\">\n\n\t\t\t\t\t<div class=\"anwp-pg-post-teaser__top-meta d-flex flex-column anwp-pg-post-teaser__category-column mr-auto\">\n\t\t\t\t<div class=\"anwp-pg-category__wrapper-filled px-2 d-flex align-items-center anwp-pg-post-teaser__category-wrapper align-self-start anwp-pg-category-parent-0\" style=\"background-color: #1565C0\"><span>Ind\u00fastria extractiva<\/span><\/div>\t\t\t<\/div>\n\t\t\t\n\t\t\n\t\t\t\t\t<div class=\"anwp-pg-post-teaser__thumbnail-img anwp-pg-height-180\"\n\t\t\t\tstyle=\"background-image: url(https:\/\/www.cipmoz.org\/wp-content\/uploads\/2026\/07\/extrativa-industria.jpg)\">\n\t\t\t<\/div>\n\t\t\n\t\t<div class=\"anwp-pg-post-teaser__thumbnail-bg anwp-position-cover\"><\/div>\n\n\t\t<a class=\"anwp-position-cover anwp-link-without-effects\" href=\"https:\/\/www.cipmoz.org\/pt\/2026\/04\/23\/apenas-5-de-30-gasolineiras-estao-efectivamente-a-operar-para-aliviar-crise-o-sector-exige-a-reducao-do-iva-de-16-para-5\/\" aria-hidden=\"true\" ><\/a>\n\t<\/div>\n\n\t<div class=\"anwp-pg-post-teaser__content flex-grow-1 pt-1 d-flex flex-column\">\n\n\t\t<div class=\"anwp-pg-post-teaser__title anwp-font-heading mt-2\">\n\t\t\t<a class=\"anwp-link-without-effects\" href=\"https:\/\/www.cipmoz.org\/pt\/2026\/04\/23\/apenas-5-de-30-gasolineiras-estao-efectivamente-a-operar-para-aliviar-crise-o-sector-exige-a-reducao-do-iva-de-16-para-5\/\" aria-hidden=\"true\" >\n\t\t\t\tApenas 5 de 30 gasolineiras  est\u00e3o efectivamente a operar: para aliviar crise, o sector exige a redu\u00e7\u00e3o do IVA de 16% para 5%\t\t\t<\/a>\n\t\t<\/div>\n\n\t\t<div class=\"anwp-pg-post-teaser__bottom-meta d-flex flex-wrap\">\n\n\t\t\t\t\t\t\t<div class=\"anwp-pg-post-teaser__bottom-meta-item d-flex align-items-center mr-3\">\n\t\t\t\t\t<svg class=\"anwp-pg-icon anwp-pg-icon--s16 mr-1\">\n\t\t\t\t\t\t<use xlink:href=\"#icon-anwp-pg-calendar\"><\/use>\n\t\t\t\t\t<\/svg>\n\t\t\t\t\t<span class=\"posted-on m-0\"><span class=\"screen-reader-text\">Posted on<\/span><time class=\"anwp-pg-published\" datetime=\"2026-04-23T18:52:45+02:00\">Abril 23, 2026<\/time><time class=\"anwp-pg-updated\" datetime=\"2026-04-23T19:12:14+02:00\">Abril 23, 2026<\/time><\/span>\n\t\t\t\t<\/div>\n\t\t\t\t\t\t\t\t\t<div class=\"anwp-pg-post-teaser__bottom-meta-item d-flex align-items-center\">\n\t\t\t\t\t\t<svg class=\"anwp-pg-icon anwp-pg-icon--s16 mr-1\">\n\t\t\t\t\t\t\t<use xlink:href=\"#icon-anwp-pg-eye\"><\/use>\n\t\t\t\t\t\t<\/svg>\n\t\t\t\t\t\t1923\t\t\t\t\t<\/div>\n\t\t\t\t\t\n\t\t\t\t\t<\/div>\n\n\t\t\n\t\t\n\t<\/div>\n\n<\/div>\n<div class=\"anwp-pg-post-teaser anwp-pg-post-teaser--inner-cover-link anwp-pg-post-teaser--layout-d d-flex flex-column anwp-col-lg-3 anwp-col-sm-6 anwp-col-12 anwp-pg-post-teaser--has-pvc-meta\">\n\t<div class=\"anwp-pg-post-teaser__thumbnail position-relative\">\n\n\t\t\t\t\t<div class=\"anwp-pg-post-teaser__top-meta d-flex flex-column anwp-pg-post-teaser__category-column mr-auto\">\n\t\t\t\t<div class=\"anwp-pg-category__wrapper-filled px-2 d-flex align-items-center anwp-pg-post-teaser__category-wrapper align-self-start anwp-pg-category-parent-0\" style=\"background-color: #1565C0\"><span>Boa Governacao<\/span><\/div>\t\t\t<\/div>\n\t\t\t\n\t\t\n\t\t\t\t\t<div class=\"anwp-pg-post-teaser__thumbnail-img anwp-pg-height-180\"\n\t\t\t\tstyle=\"background-image: url(https:\/\/www.cipmoz.org\/wp-content\/uploads\/2026\/06\/2.jpg)\">\n\t\t\t<\/div>\n\t\t\n\t\t<div class=\"anwp-pg-post-teaser__thumbnail-bg anwp-position-cover\"><\/div>\n\n\t\t<a class=\"anwp-position-cover anwp-link-without-effects\" href=\"https:\/\/www.cipmoz.org\/pt\/2026\/04\/13\/lei-deve-fixar-limites-a-renovacao-do-mandato-do-presidente-e-vice-presidente-do-tribunal-supremo\/\" aria-hidden=\"true\" ><\/a>\n\t<\/div>\n\n\t<div class=\"anwp-pg-post-teaser__content flex-grow-1 pt-1 d-flex flex-column\">\n\n\t\t<div class=\"anwp-pg-post-teaser__title anwp-font-heading mt-2\">\n\t\t\t<a class=\"anwp-link-without-effects\" href=\"https:\/\/www.cipmoz.org\/pt\/2026\/04\/13\/lei-deve-fixar-limites-a-renovacao-do-mandato-do-presidente-e-vice-presidente-do-tribunal-supremo\/\" aria-hidden=\"true\" >\n\t\t\t\tLei deve fixar limites a renova\u00e7\u00e3o do mandato do Presidente e vice- presidente do Tribunal Supremo\t\t\t<\/a>\n\t\t<\/div>\n\n\t\t<div class=\"anwp-pg-post-teaser__bottom-meta d-flex flex-wrap\">\n\n\t\t\t\t\t\t\t<div class=\"anwp-pg-post-teaser__bottom-meta-item d-flex align-items-center mr-3\">\n\t\t\t\t\t<svg class=\"anwp-pg-icon anwp-pg-icon--s16 mr-1\">\n\t\t\t\t\t\t<use xlink:href=\"#icon-anwp-pg-calendar\"><\/use>\n\t\t\t\t\t<\/svg>\n\t\t\t\t\t<span class=\"posted-on m-0\"><span class=\"screen-reader-text\">Posted on<\/span><time class=\"anwp-pg-published\" datetime=\"2026-04-13T08:00:36+02:00\">Abril 13, 2026<\/time><time class=\"anwp-pg-updated\" datetime=\"2026-04-12T19:22:07+02:00\">Abril 12, 2026<\/time><\/span>\n\t\t\t\t<\/div>\n\t\t\t\t\t\t\t\t\t<div class=\"anwp-pg-post-teaser__bottom-meta-item d-flex align-items-center\">\n\t\t\t\t\t\t<svg class=\"anwp-pg-icon anwp-pg-icon--s16 mr-1\">\n\t\t\t\t\t\t\t<use xlink:href=\"#icon-anwp-pg-eye\"><\/use>\n\t\t\t\t\t\t<\/svg>\n\t\t\t\t\t\t1908\t\t\t\t\t<\/div>\n\t\t\t\t\t\n\t\t\t\t\t<\/div>\n\n\t\t\n\t\t\n\t<\/div>\n\n<\/div>\n<div class=\"anwp-pg-post-teaser anwp-pg-post-teaser--inner-cover-link anwp-pg-post-teaser--layout-d d-flex flex-column anwp-col-lg-3 anwp-col-sm-6 anwp-col-12 anwp-pg-post-teaser--has-pvc-meta\">\n\t<div class=\"anwp-pg-post-teaser__thumbnail position-relative\">\n\n\t\t\t\t\t<div class=\"anwp-pg-post-teaser__top-meta d-flex flex-column anwp-pg-post-teaser__category-column mr-auto\">\n\t\t\t\t<div class=\"anwp-pg-category__wrapper-filled px-2 d-flex align-items-center anwp-pg-post-teaser__category-wrapper align-self-start anwp-pg-category-parent-0\" style=\"background-color: #1565C0\"><span>Boa Governacao<\/span><\/div>\t\t\t<\/div>\n\t\t\t\n\t\t\n\t\t\t\t\t<div class=\"anwp-pg-post-teaser__thumbnail-img anwp-pg-height-180\"\n\t\t\t\tstyle=\"background-image: url(https:\/\/www.cipmoz.org\/wp-content\/uploads\/2026\/06\/2.jpg)\">\n\t\t\t<\/div>\n\t\t\n\t\t<div class=\"anwp-pg-post-teaser__thumbnail-bg anwp-position-cover\"><\/div>\n\n\t\t<a class=\"anwp-position-cover anwp-link-without-effects\" href=\"https:\/\/www.cipmoz.org\/pt\/2026\/04\/02\/civil-society-report-on-the-implementation-of-chapter-ii-prevention-chapter-v-asset-recovery-of-the-united-nations-convention-against-corruption\/\" aria-hidden=\"true\" ><\/a>\n\t<\/div>\n\n\t<div class=\"anwp-pg-post-teaser__content flex-grow-1 pt-1 d-flex flex-column\">\n\n\t\t<div class=\"anwp-pg-post-teaser__title anwp-font-heading mt-2\">\n\t\t\t<a class=\"anwp-link-without-effects\" href=\"https:\/\/www.cipmoz.org\/pt\/2026\/04\/02\/civil-society-report-on-the-implementation-of-chapter-ii-prevention-chapter-v-asset-recovery-of-the-united-nations-convention-against-corruption\/\" aria-hidden=\"true\" >\n\t\t\t\tCivil Society Report: on the implementation of Chapter II (Prevention) &#038; Chapter V (Asset Recovery) of the United Nations Convention Against Corruption\t\t\t<\/a>\n\t\t<\/div>\n\n\t\t<div class=\"anwp-pg-post-teaser__bottom-meta d-flex flex-wrap\">\n\n\t\t\t\t\t\t\t<div class=\"anwp-pg-post-teaser__bottom-meta-item d-flex align-items-center mr-3\">\n\t\t\t\t\t<svg class=\"anwp-pg-icon anwp-pg-icon--s16 mr-1\">\n\t\t\t\t\t\t<use xlink:href=\"#icon-anwp-pg-calendar\"><\/use>\n\t\t\t\t\t<\/svg>\n\t\t\t\t\t<span class=\"posted-on m-0\"><span class=\"screen-reader-text\">Posted on<\/span><time class=\"anwp-pg-published\" datetime=\"2026-04-02T15:35:15+02:00\">Abril 2, 2026<\/time><time class=\"anwp-pg-updated\" datetime=\"2026-04-02T15:35:15+02:00\">Abril 2, 2026<\/time><\/span>\n\t\t\t\t<\/div>\n\t\t\t\t\t\t\t\t\t<div class=\"anwp-pg-post-teaser__bottom-meta-item d-flex align-items-center\">\n\t\t\t\t\t\t<svg class=\"anwp-pg-icon anwp-pg-icon--s16 mr-1\">\n\t\t\t\t\t\t\t<use xlink:href=\"#icon-anwp-pg-eye\"><\/use>\n\t\t\t\t\t\t<\/svg>\n\t\t\t\t\t\t959\t\t\t\t\t<\/div>\n\t\t\t\t\t\n\t\t\t\t\t<\/div>\n\n\t\t\n\t\t\n\t<\/div>\n\n<\/div>\n\t<\/div>\n\t\n\t<nav aria-label=\"anwp-pg-pagination-navigation\" class=\"anwp-pg-pagination-navigation position-relative\">\n\t<ul class=\"anwp-pg-pagination mx-0 justify-content-center flex-wrap\"\n\t\tdata-anwp-show_previous=\"yes\"\n\t\tdata-anwp-show_next=\"yes\"\n\t\tdata-anwp-show_first_ellipsis=\"yes\"\n\t\tdata-anwp-show_last_ellipsis=\"yes\"\n\t\tdata-anwp-auto_hide_previous=\"no\"\n\t\tdata-anwp-auto_hide_next=\"no\"\n\t\tdata-anwp-show_page_numbers=\"yes\"\n\t\tdata-anwp-page_range=\"2\"\n\t\tdata-anwp-text_previous=\"\"\n\t\tdata-anwp-text_next=\"\"\n\t\tdata-anwp-total=\"35\"\n\t\tdata-anwp-limit=\"24\"\n\t\tdata-anwp-pagination=\"{&quot;posts_to_show&quot;:&quot;latest&quot;,&quot;include_ids&quot;:&quot;&quot;,&quot;exclude_ids&quot;:&quot;&quot;,&quot;exclude_by_category&quot;:&quot;&quot;,&quot;filter_by_category&quot;:&quot;17,18,19,20,41,42,45,46,49,50,53,54,55,57&quot;,&quot;filter_by_tag&quot;:&quot;&quot;,&quot;filter_by_post_format&quot;:&quot;all&quot;,&quot;filter_by_author&quot;:&quot;&quot;,&quot;published_in_last_days&quot;:0,&quot;limit&quot;:24,&quot;offset&quot;:0,&quot;grid_cols&quot;:4,&quot;grid_cols_tablet&quot;:2,&quot;grid_cols_mobile&quot;:1,&quot;grid_thumbnail_size&quot;:&quot;full&quot;,&quot;show_category&quot;:&quot;yes&quot;,&quot;category_limit&quot;:1,&quot;show_date&quot;:&quot;yes&quot;,&quot;show_author&quot;:&quot;&quot;,&quot;show_comments&quot;:&quot;yes&quot;,&quot;card_height&quot;:{&quot;unit&quot;:&quot;px&quot;,&quot;size&quot;:0,&quot;sizes&quot;:[]},&quot;show_excerpt&quot;:&quot;&quot;,&quot;excerpt_num_words&quot;:30,&quot;excerpt_source&quot;:&quot;&quot;,&quot;excerpt_html&quot;:&quot;no&quot;,&quot;layout&quot;:&quot;d&quot;,&quot;show_read_more&quot;:&quot;no&quot;,&quot;read_more_label&quot;:&quot;&quot;,&quot;read_more_class&quot;:&quot;&quot;,&quot;post_image_width&quot;:&quot;1_3&quot;,&quot;show_post_icon&quot;:&quot;yes&quot;,&quot;query_source&quot;:&quot;posts&quot;,&quot;related_posts&quot;:&quot;&quot;,&quot;related_posts_order&quot;:&quot;&quot;,&quot;card_height_mobile&quot;:&quot;&quot;,&quot;card_height_tablet&quot;:&quot;&quot;,&quot;filter_by_c_tax&quot;:&quot;&quot;,&quot;labels_by_c_tax&quot;:&quot;&quot;}\"><\/ul>\n<\/nav>\n<\/div>\n\t\t\t\t<\/div>\n\t\t\t\t<\/div>\n\t\t\t\t\t<\/div>\n\t\t<\/div>\n\t\t\t\t\t<\/div>\n\t\t<\/section>\n\t\t\t\t<\/div>\n\t\t","protected":false},"excerpt":{"rendered":"<p>Covid-19 Mo\u00e7ambique em risco de aumentar os n\u00edveis de contamina\u00e7\u00e3o: Governo deve refor\u00e7ar as medidas de preven\u00e7\u00e3o da Covid-19 durante a Semana Santa Posted onApril 2, 2021 114 Ind\u00fastria extractiva A base usada para o c\u00e1lculo do valor da produ\u00e7\u00e3o mineira lesa as receitas fiscais arrecadadas no sector de carv\u00e3o Posted onMarch 28, 2021 168<\/p>\n","protected":false},"author":14,"featured_media":0,"parent":0,"menu_order":0,"comment_status":"closed","ping_status":"closed","template":"elementor_header_footer","meta":{"_monsterinsights_skip_tracking":false,"_rtcl_gb_attr":"","footnotes":""},"coauthors":[65],"class_list":["post-6939","page","type-page","status-publish","hentry"],"yoast_head":"<!-- This site is optimized with the Yoast SEO plugin v28.4 - https:\/\/yoast.com\/product\/yoast-seo-wordpress\/ -->\n<title>Publica\u00e7\u00f5es - CIP - Centro de Integridade P\u00fablica<\/title>\n<meta name=\"robots\" content=\"index, follow, max-snippet:-1, max-image-preview:large, max-video-preview:-1\" \/>\n<link rel=\"canonical\" href=\"https:\/\/www.cipmoz.org\/pt\/publicacoes\/\" \/>\n<meta property=\"og:locale\" content=\"pt_PT\" \/>\n<meta property=\"og:type\" content=\"article\" \/>\n<meta property=\"og:title\" content=\"Publica\u00e7\u00f5es - CIP - Centro de Integridade P\u00fablica\" \/>\n<meta property=\"og:description\" content=\"Covid-19 Mo\u00e7ambique em risco de aumentar os n\u00edveis de contamina\u00e7\u00e3o: Governo deve refor\u00e7ar as medidas de preven\u00e7\u00e3o da Covid-19 durante a Semana Santa Posted onApril 2, 2021 114 Ind\u00fastria extractiva A base usada para o c\u00e1lculo do valor da produ\u00e7\u00e3o mineira lesa as receitas fiscais arrecadadas no sector de carv\u00e3o Posted onMarch 28, 2021 168\" \/>\n<meta property=\"og:url\" content=\"https:\/\/www.cipmoz.org\/pt\/publicacoes\/\" \/>\n<meta property=\"og:site_name\" content=\"CIP - Centro de Integridade P\u00fablica\" \/>\n<meta property=\"article:publisher\" content=\"https:\/\/web.facebook.com\/CIP.Mozambique\/\" \/>\n<meta property=\"article:modified_time\" content=\"2021-04-10T16:38:31+00:00\" \/>\n<meta property=\"og:image\" content=\"https:\/\/www.cipmoz.org\/wp-content\/uploads\/2020\/09\/social-01.png\" \/>\n\t<meta property=\"og:image:width\" content=\"201\" \/>\n\t<meta property=\"og:image:height\" content=\"200\" \/>\n\t<meta property=\"og:image:type\" content=\"image\/png\" \/>\n<meta name=\"twitter:card\" content=\"summary_large_image\" \/>\n<meta name=\"twitter:site\" content=\"@CIPMoz\" \/>\n<meta name=\"twitter:label1\" content=\"Tempo estimado de leitura\" \/>\n\t<meta name=\"twitter:data1\" content=\"3 minutos\" \/>\n\t<meta name=\"twitter:label2\" content=\"Written by\" \/>\n\t<meta name=\"twitter:data2\" content=\"CIP Master admin\" \/>\n<script type=\"application\/ld+json\" class=\"yoast-schema-graph\">{\"@context\":\"https:\\\/\\\/schema.org\",\"@graph\":[{\"@type\":\"WebPage\",\"@id\":\"https:\\\/\\\/www.cipmoz.org\\\/pt\\\/publicacoes\\\/\",\"url\":\"https:\\\/\\\/www.cipmoz.org\\\/pt\\\/publicacoes\\\/\",\"name\":\"Publica\u00e7\u00f5es - CIP - Centro de Integridade P\u00fablica\",\"isPartOf\":{\"@id\":\"https:\\\/\\\/www.cipmoz.org\\\/pt\\\/#website\"},\"datePublished\":\"2021-04-10T16:34:30+00:00\",\"dateModified\":\"2021-04-10T16:38:31+00:00\",\"breadcrumb\":{\"@id\":\"https:\\\/\\\/www.cipmoz.org\\\/pt\\\/publicacoes\\\/#breadcrumb\"},\"inLanguage\":\"pt-PT\",\"potentialAction\":[{\"@type\":\"ReadAction\",\"target\":[\"https:\\\/\\\/www.cipmoz.org\\\/pt\\\/publicacoes\\\/\"]}]},{\"@type\":\"BreadcrumbList\",\"@id\":\"https:\\\/\\\/www.cipmoz.org\\\/pt\\\/publicacoes\\\/#breadcrumb\",\"itemListElement\":[{\"@type\":\"ListItem\",\"position\":1,\"name\":\"In\u00edcio\",\"item\":\"https:\\\/\\\/www.cipmoz.org\\\/\"},{\"@type\":\"ListItem\",\"position\":2,\"name\":\"Publica\u00e7\u00f5es\"}]},{\"@type\":\"WebSite\",\"@id\":\"https:\\\/\\\/www.cipmoz.org\\\/pt\\\/#website\",\"url\":\"https:\\\/\\\/www.cipmoz.org\\\/pt\\\/\",\"name\":\"CIP - Centro de Integridade P\u00fablica\",\"description\":\"Promo\u00e7\u00e3o da Transpar\u00eancia, Anti-corrup\u00e7\u00e3o e Integridade em Mo\u00e7ambique.\",\"potentialAction\":[{\"@type\":\"SearchAction\",\"target\":{\"@type\":\"EntryPoint\",\"urlTemplate\":\"https:\\\/\\\/www.cipmoz.org\\\/pt\\\/?s={search_term_string}\"},\"query-input\":{\"@type\":\"PropertyValueSpecification\",\"valueRequired\":true,\"valueName\":\"search_term_string\"}}],\"inLanguage\":\"pt-PT\"}]}<\/script>\n<!-- \/ Yoast SEO plugin. -->","yoast_head_json":{"title":"Publica\u00e7\u00f5es - CIP - Centro de Integridade P\u00fablica","robots":{"index":"index","follow":"follow","max-snippet":"max-snippet:-1","max-image-preview":"max-image-preview:large","max-video-preview":"max-video-preview:-1"},"canonical":"https:\/\/www.cipmoz.org\/pt\/publicacoes\/","og_locale":"pt_PT","og_type":"article","og_title":"Publica\u00e7\u00f5es - CIP - Centro de Integridade P\u00fablica","og_description":"Covid-19 Mo\u00e7ambique em risco de aumentar os n\u00edveis de contamina\u00e7\u00e3o: Governo deve refor\u00e7ar as medidas de preven\u00e7\u00e3o da Covid-19 durante a Semana Santa Posted onApril 2, 2021 114 Ind\u00fastria extractiva A base usada para o c\u00e1lculo do valor da produ\u00e7\u00e3o mineira lesa as receitas fiscais arrecadadas no sector de carv\u00e3o Posted onMarch 28, 2021 168","og_url":"https:\/\/www.cipmoz.org\/pt\/publicacoes\/","og_site_name":"CIP - Centro de Integridade P\u00fablica","article_publisher":"https:\/\/web.facebook.com\/CIP.Mozambique\/","article_modified_time":"2021-04-10T16:38:31+00:00","og_image":[{"width":201,"height":200,"url":"https:\/\/www.cipmoz.org\/wp-content\/uploads\/2020\/09\/social-01.png","type":"image\/png"}],"twitter_card":"summary_large_image","twitter_site":"@CIPMoz","twitter_misc":{"Tempo estimado de leitura":"3 minutos","Written by":"CIP Master admin"},"schema":{"@context":"https:\/\/schema.org","@graph":[{"@type":"WebPage","@id":"https:\/\/www.cipmoz.org\/pt\/publicacoes\/","url":"https:\/\/www.cipmoz.org\/pt\/publicacoes\/","name":"Publica\u00e7\u00f5es - CIP - Centro de Integridade P\u00fablica","isPartOf":{"@id":"https:\/\/www.cipmoz.org\/pt\/#website"},"datePublished":"2021-04-10T16:34:30+00:00","dateModified":"2021-04-10T16:38:31+00:00","breadcrumb":{"@id":"https:\/\/www.cipmoz.org\/pt\/publicacoes\/#breadcrumb"},"inLanguage":"pt-PT","potentialAction":[{"@type":"ReadAction","target":["https:\/\/www.cipmoz.org\/pt\/publicacoes\/"]}]},{"@type":"BreadcrumbList","@id":"https:\/\/www.cipmoz.org\/pt\/publicacoes\/#breadcrumb","itemListElement":[{"@type":"ListItem","position":1,"name":"In\u00edcio","item":"https:\/\/www.cipmoz.org\/"},{"@type":"ListItem","position":2,"name":"Publica\u00e7\u00f5es"}]},{"@type":"WebSite","@id":"https:\/\/www.cipmoz.org\/pt\/#website","url":"https:\/\/www.cipmoz.org\/pt\/","name":"CIP - Centro de Integridade P\u00fablica","description":"Promo\u00e7\u00e3o da Transpar\u00eancia, Anti-corrup\u00e7\u00e3o e Integridade em Mo\u00e7ambique.","potentialAction":[{"@type":"SearchAction","target":{"@type":"EntryPoint","urlTemplate":"https:\/\/www.cipmoz.org\/pt\/?s={search_term_string}"},"query-input":{"@type":"PropertyValueSpecification","valueRequired":true,"valueName":"search_term_string"}}],"inLanguage":"pt-PT"}]}},"amp_enabled":true,"_links":{"self":[{"href":"https:\/\/www.cipmoz.org\/pt\/wp-json\/wp\/v2\/pages\/6939","targetHints":{"allow":["GET"]}}],"collection":[{"href":"https:\/\/www.cipmoz.org\/pt\/wp-json\/wp\/v2\/pages"}],"about":[{"href":"https:\/\/www.cipmoz.org\/pt\/wp-json\/wp\/v2\/types\/page"}],"author":[{"embeddable":true,"href":"https:\/\/www.cipmoz.org\/pt\/wp-json\/wp\/v2\/users\/14"}],"replies":[{"embeddable":true,"href":"https:\/\/www.cipmoz.org\/pt\/wp-json\/wp\/v2\/comments?post=6939"}],"version-history":[{"count":4,"href":"https:\/\/www.cipmoz.org\/pt\/wp-json\/wp\/v2\/pages\/6939\/revisions"}],"predecessor-version":[{"id":6946,"href":"https:\/\/www.cipmoz.org\/pt\/wp-json\/wp\/v2\/pages\/6939\/revisions\/6946"}],"wp:attachment":[{"href":"https:\/\/www.cipmoz.org\/pt\/wp-json\/wp\/v2\/media?parent=6939"}],"wp:term":[{"taxonomy":"author","embeddable":true,"href":"https:\/\/www.cipmoz.org\/pt\/wp-json\/wp\/v2\/coauthors?post=6939"}],"curies":[{"name":"wp","href":"https:\/\/api.w.org\/{rel}","templated":true}]}}